{"id":19294,"date":"2026-03-10T09:40:16","date_gmt":"2026-03-10T09:40:16","guid":{"rendered":"https:\/\/www.la-simioune.fr\/campingurlaub-im-rhone-tal-im-herzen-der-vaucluse\/"},"modified":"2026-03-12T12:08:33","modified_gmt":"2026-03-12T12:08:33","slug":"campingurlaub-im-rhone-tal-im-herzen-der-vaucluse","status":"publish","type":"page","link":"https:\/\/www.la-simioune.fr\/de\/campingurlaub-im-rhone-tal-im-herzen-der-vaucluse\/","title":{"rendered":"Campingurlaub im Rh\u00f4ne-Tal, im Herzen der Vaucluse"},"content":{"rendered":"<p>[et_pb_section fb_built=&#8220;1&#8243; admin_label=&#8220;Bandeau H1&#8243; _builder_version=&#8220;4.27.5&#8243; _dynamic_attributes=&#8220;background_image&#8220; _module_preset=&#8220;default&#8220; use_background_color_gradient=&#8220;on&#8220; background_color_gradient_stops=&#8220;rgba(0,0,0,0.6) 0%|rgba(255,255,255,0) 60%&#8220; background_color_gradient_overlays_image=&#8220;on&#8220; background_image=&#8220;@ET-DC@eyJkeW5hbWljIjp0cnVlLCJjb250ZW50IjoiY3VzdG9tX21ldGFfYmFuZGVhdV9oYXV0X2RlX3BhZ2VfaW1hZ2VfYmFuZGVhdV9oYXV0X3BhZ2UiLCJzZXR0aW5ncyI6eyJiZWZvcmUiOiIiLCJhZnRlciI6IiIsImVuYWJsZV9odG1sIjoib2ZmIn19@&#8220; height=&#8220;75vh&#8220; height_tablet=&#8220;60vh&#8220; height_phone=&#8220;60vh&#8220; height_last_edited=&#8220;on|phone&#8220; custom_margin=&#8220;||100px||false|false&#8220; custom_margin_tablet=&#8220;0px||0px||false|false&#8220; custom_margin_phone=&#8220;&#8220; custom_margin_last_edited=&#8220;on|tablet&#8220; custom_padding=&#8220;||||false|false&#8220; bottom_divider_style=&#8220;curve&#8220; bottom_divider_color=&#8220;#FFFFFF&#8220; bottom_divider_style_tablet=&#8220;none&#8220; bottom_divider_style_phone=&#8220;none&#8220; bottom_divider_style_last_edited=&#8220;on|tablet&#8220; global_module=&#8220;450&#8243; locked=&#8220;off&#8220; collapsed=&#8220;on&#8220; global_colors_info=&#8220;{}&#8220;][et_pb_row _builder_version=&#8220;4.27.4&#8243; _module_preset=&#8220;default&#8220; positioning=&#8220;absolute&#8220; position_origin_a=&#8220;center_center&#8220; custom_padding=&#8220;0px||0px||true|false&#8220; global_colors_info=&#8220;{}&#8220;][et_pb_column type=&#8220;4_4&#8243; _builder_version=&#8220;4.23.1&#8243; _module_preset=&#8220;default&#8220; global_colors_info=&#8220;{}&#8220;][et_pb_text admin_label=&#8220;Texte&#8220; _builder_version=&#8220;4.27.5&#8243; _dynamic_attributes=&#8220;content&#8220; _module_preset=&#8220;default&#8220; header_font=&#8220;Poppins|600|||||||&#8220; header_text_align=&#8220;center&#8220; header_text_color=&#8220;#FFFFFF&#8220; header_font_size=&#8220;44px&#8220; header_line_height=&#8220;54px&#8220; max_width=&#8220;950px&#8220; module_alignment=&#8220;center&#8220; custom_margin=&#8220;||44px||false|false&#8220; header_text_align_tablet=&#8220;center&#8220; header_text_align_phone=&#8220;&#8220; header_text_align_last_edited=&#8220;on|tablet&#8220; header_font_size_tablet=&#8220;36px&#8220; header_font_size_phone=&#8220;&#8220; header_font_size_last_edited=&#8220;on|tablet&#8220; header_line_height_tablet=&#8220;45px&#8220; header_line_height_phone=&#8220;&#8220; header_line_height_last_edited=&#8220;on|tablet&#8220; module_alignment_tablet=&#8220;center&#8220; module_alignment_phone=&#8220;&#8220; module_alignment_last_edited=&#8220;on|tablet&#8220; global_colors_info=&#8220;{}&#8220;]<\/p>\n<h1>Campingurlaub im Rh\u00f4ne-Tal, im Herzen der Vaucluse<\/h1>\n<p>[\/et_pb_text][\/et_pb_column][\/et_pb_row][\/et_pb_section][et_pb_section fb_built=&#8220;1&#8243; admin_label=&#8220;Intro&#8220; _builder_version=&#8220;4.22.1&#8243; _module_preset=&#8220;default&#8220; display_conditions=&#8220;W3siaWQiOiIwNjdjZWE5NC1kYjY4LTRiMWItYTA0ZC1lYWEzMmMxMjllMTkiLCJjb25kaXRpb24iOiJjdXN0b21GaWVsZCIsImNvbmRpdGlvblNldHRpbmdzIjp7InNlbGVjdENvbmRpdGlvbmFsTWV0YUZpZWxkIjoiZXlKa2FYTndiR0Y1VW5Wc1pTSTZJbWx6UVc1NVZtRnNkV1VpTENKelpXeGxZM1JsWkVacFpXeGtUbUZ0WlNJNklsOXBiblJ5YjE5a1pWOXNZVjl3WVdkbElpd2lZM1Z6ZEc5dFJtbGxiR1JPWVcxbElqb2lJaXdpYzJWc1pXTjBaV1JHYVdWc1pGWmhiSFZsSWpvaWJXRnVkV0ZzUTNWemRHOXRSbWxsYkdSV1lXeDFaU0lzSW1OMWMzUnZiVVpwWld4a1ZtRnNkV1VpT2lJaWZRPT0iLCJhZG1pbkxhYmVsIjoiQ3VzdG9tIEZpZWxkIiwiZW5hYmxlQ29uZGl0aW9uIjoib24ifSwib3BlcmF0b3IiOiJPUiJ9XQ==&#8220; custom_padding=&#8220;0px||0px||true|false&#8220; global_module=&#8220;8122&#8243; saved_tabs=&#8220;all&#8220; locked=&#8220;off&#8220; collapsed=&#8220;on&#8220; global_colors_info=&#8220;{}&#8220;][et_pb_row use_custom_gutter=&#8220;on&#8220; custom_padding_last_edited=&#8220;on|tablet&#8220; _builder_version=&#8220;4.22.1&#8243; _module_preset=&#8220;default&#8220; custom_padding=&#8220;0px||100px||false|false&#8220; custom_padding_tablet=&#8220;0px||40px||false|false&#8220; custom_padding_phone=&#8220;0px||40px||false|false&#8220; collapsed=&#8220;off&#8220; global_colors_info=&#8220;{}&#8220;][et_pb_column type=&#8220;4_4&#8243; _builder_version=&#8220;4.22.1&#8243; _module_preset=&#8220;default&#8220; global_colors_info=&#8220;{}&#8220;][et_pb_text _builder_version=&#8220;4.23.1&#8243; _dynamic_attributes=&#8220;content&#8220; _module_preset=&#8220;default&#8220; text_font=&#8220;|600|||||||&#8220; text_text_color=&#8220;#003E52&#8243; text_font_size=&#8220;20px&#8220; text_line_height=&#8220;30px&#8220; custom_margin=&#8220;||||false|false&#8220; text_orientation_tablet=&#8220;center&#8220; text_orientation_phone=&#8220;center&#8220; text_orientation_last_edited=&#8220;on|tablet&#8220; global_colors_info=&#8220;{}&#8220;]@ET-DC@eyJkeW5hbWljIjp0cnVlLCJjb250ZW50IjoiY3VzdG9tX21ldGFfaW50cm9fZGVfbGFfcGFnZSIsInNldHRpbmdzIjp7ImJlZm9yZSI6IiIsImFmdGVyIjoiIiwiZW5hYmxlX2h0bWwiOiJvbiJ9fQ==@[\/et_pb_text][\/et_pb_column][\/et_pb_row][\/et_pb_section][et_pb_section fb_built=&#8220;1&#8243; custom_padding_last_edited=&#8220;on|tablet&#8220; admin_label=&#8220;H\u00e9bergement&#8220; _builder_version=&#8220;4.25.0&#8243; _module_preset=&#8220;default&#8220; background_color=&#8220;#003E52&#8243; custom_padding=&#8220;100px||100px||false|false&#8220; custom_padding_tablet=&#8220;60px||60px||false|false&#8220; custom_padding_phone=&#8220;60px||60px||false|false&#8220; locked=&#8220;off&#8220; collapsed=&#8220;on&#8220; global_colors_info=&#8220;{}&#8220;][et_pb_row _builder_version=&#8220;4.25.0&#8243; _module_preset=&#8220;default&#8220; max_width=&#8220;1440px&#8220; custom_padding=&#8220;0px||50px||false|false&#8220; global_colors_info=&#8220;{}&#8220;][et_pb_column type=&#8220;4_4&#8243; _builder_version=&#8220;4.24.2&#8243; _module_preset=&#8220;default&#8220; global_colors_info=&#8220;{}&#8220;][et_pb_text disabled_on=&#8220;on|on|off&#8220; _builder_version=&#8220;4.27.5&#8243; _module_preset=&#8220;default&#8220; text_font=&#8220;Poppins||||||||&#8220; text_text_color=&#8220;#FFFFFF&#8220; text_font_size=&#8220;15px&#8220; text_line_height=&#8220;48px&#8220; header_2_text_color=&#8220;#FFFFFF&#8220; header_2_font_size=&#8220;32px&#8220; custom_margin=&#8220;||0px||false|false&#8220; custom_padding=&#8220;|||25px|false|false&#8220; custom_padding_tablet=&#8220;|||0px|false|false&#8220; custom_padding_phone=&#8220;|||0px|false|false&#8220; custom_padding_last_edited=&#8220;on|tablet&#8220; global_colors_info=&#8220;{}&#8220;]<\/p>\n<h2><strong>Unterk\u00fcnfte f\u00fcr jeden Urlaubsstil im Rh\u00f4ne-Tal<\/strong><\/h2>\n<p>Auf unserem <strong>Campingplatz im Rh\u00f4ne-Tal<\/strong> k\u00f6nnen Sie von verschiedenen Unterk\u00fcnften profitieren, die Komfort, Natur und Ruhe f\u00fcr einen Urlaub verbinden, der f\u00fcr Paare, Familien und Gruppen von Freunden geeignet ist.<\/p>\n<p>[\/et_pb_text][\/et_pb_column][\/et_pb_row][et_pb_row column_structure=&#8220;1_2,1_2&#8243; use_custom_gutter=&#8220;on&#8220; gutter_width=&#8220;2&#8243; _builder_version=&#8220;4.27.4&#8243; _module_preset=&#8220;default&#8220; max_width=&#8220;1440px&#8220; custom_padding=&#8220;0px||0px|||&#8220; global_colors_info=&#8220;{}&#8220;][et_pb_column type=&#8220;1_2&#8243; admin_label=&#8220;Spalte&#8220; _builder_version=&#8220;4.24.2&#8243; _module_preset=&#8220;default&#8220; global_colors_info=&#8220;{}&#8220;][et_pb_text admin_label=&#8220;Texte&#8220; module_class=&#8220;card-idle&#8220; _builder_version=&#8220;4.27.4&#8243; _module_preset=&#8220;default&#8220; text_font=&#8220;Be Vietnam Pro|700|||||||&#8220; text_text_color=&#8220;#FFFFFF&#8220; text_font_size=&#8220;35px&#8220; text_line_height=&#8220;36px&#8220; background_image=&#8220;https:\/\/www.la-simioune.fr\/wp-content\/uploads\/2024\/05\/mh.jpg&#8220; text_orientation=&#8220;center&#8220; custom_padding=&#8220;240px||240px||true|false&#8220; custom_padding_tablet=&#8220;50px|2%|50px|2%|true|true&#8220; custom_padding_phone=&#8220;50px||50px||true|false&#8220; custom_padding_last_edited=&#8220;on|phone&#8220; background_last_edited=&#8220;on|desktop&#8220; use_background_color_gradient_tablet=&#8220;on&#8220; background_color_gradient_stops_tablet=&#8220;rgba(1,45,59,0.5) 0%|rgba(1,45,59,0.5) 100%&#8220; background_color_gradient_overlays_image_tablet=&#8220;on&#8220; border_radii=&#8220;off|50px|||&#8220; border_radii_tablet=&#8220;off|0px|||0px&#8220; border_radii_phone=&#8220;off|0px|||0px&#8220; border_radii_last_edited=&#8220;on|tablet&#8220; global_colors_info=&#8220;{}&#8220; background__hover_enabled=&#8220;on|hover&#8220; background_color_gradient_stops__hover=&#8220;rgba(1,45,59,0.5) 0%|rgba(1,45,59,0.5) 100%&#8220; use_background_color_gradient__hover=&#8220;on&#8220; background_color_gradient_overlays_image__hover=&#8220;on&#8220;][\/et_pb_text][et_pb_text admin_label=&#8220;Texte&#8220; _builder_version=&#8220;4.27.5&#8243; _module_preset=&#8220;default&#8220; text_font=&#8220;Poppins|500|||||||&#8220; text_text_color=&#8220;#FFFFFF&#8220; text_font_size=&#8220;30px&#8220; text_line_height=&#8220;50px&#8220; header_2_font=&#8220;||||||||&#8220; header_2_text_color=&#8220;#FFFFFF&#8220; header_3_text_color=&#8220;#FFFFFF&#8220; custom_margin=&#8220;||0px||false|false&#8220; custom_margin_tablet=&#8220;||0px||false|false&#8220; custom_margin_phone=&#8220;||20px||false|false&#8220; custom_margin_last_edited=&#8220;on|phone&#8220; custom_padding=&#8220;11px|||25px|false|false&#8220; custom_padding_tablet=&#8220;|||0px|false|false&#8220; custom_padding_phone=&#8220;|||0px|false|false&#8220; custom_padding_last_edited=&#8220;on|tablet&#8220; text_line_height_tablet=&#8220;50px&#8220; text_line_height_phone=&#8220;40px&#8220; text_line_height_last_edited=&#8220;on|phone&#8220; text_orientation_tablet=&#8220;&#8220; text_orientation_phone=&#8220;center&#8220; text_orientation_last_edited=&#8220;on|phone&#8220; global_colors_info=&#8220;{}&#8220;]<\/p>\n<h3>Komfortable Mietunterk\u00fcnfte und ungew\u00f6hnliche Unterk\u00fcnfte<\/h3>\n<p>[\/et_pb_text][et_pb_text _builder_version=&#8220;4.27.5&#8243; _module_preset=&#8220;default&#8220; text_font=&#8220;Poppins||||||||&#8220; text_text_color=&#8220;#FFFFFF&#8220; text_font_size=&#8220;15px&#8220; text_line_height=&#8220;25px&#8220; custom_margin=&#8220;||0px||false|false&#8220; custom_padding=&#8220;17px||22px|25px|false|false&#8220; custom_padding_tablet=&#8220;|||0px|false|false&#8220; custom_padding_phone=&#8220;|||0px|false|false&#8220; custom_padding_last_edited=&#8220;on|tablet&#8220; text_orientation_tablet=&#8220;&#8220; text_orientation_phone=&#8220;center&#8220; text_orientation_last_edited=&#8220;on|phone&#8220; global_colors_info=&#8220;{}&#8220;]<\/p>\n<p>Unser <strong>Campingplatz im Rh\u00f4ne-Tal<\/strong> bietet verschiedene Modelle von Mobilheimen <strong>f\u00fcr 2 bis 6 Personen,<\/strong> vom preisg\u00fcnstigen Modell bis zum voll ausgestatteten Premium. Jedes <a href=\"https:\/\/www.la-simioune.fr\/de\/vermietungen\/\">Mobilheim im Vaucluse<\/a> bietet einen komfortablen Raum mit Terrasse, voll ausgestatteter K\u00fcche und funktionellen Schlafzimmern. H\u00fctten und Tipis erm\u00f6glichen Ihnen einen originellen Aufenthalt in der Natur, ohne auf den wichtigsten Komfort verzichten zu m\u00fcssen.  <\/p>\n<p>[\/et_pb_text][et_pb_button button_url=&#8220;https:\/\/www.la-simioune.fr\/de\/vermietungen\/&#8220; button_text=&#8220;Siehe unsere Mietobjekte&#8220; button_alignment_tablet=&#8220;center&#8220; button_alignment_phone=&#8220;center&#8220; button_alignment_last_edited=&#8220;on|tablet&#8220; _builder_version=&#8220;4.27.3&#8243; _module_preset=&#8220;default&#8220; custom_button=&#8220;on&#8220; button_text_size=&#8220;15px&#8220; button_text_color=&#8220;#FFFFFF&#8220; button_bg_color=&#8220;#97BE0D&#8220; button_border_width=&#8220;1px&#8220; button_border_color=&#8220;#97BE0D&#8220; button_border_radius=&#8220;33px&#8220; button_font=&#8220;Lato|||on|||||&#8220; button_use_icon=&#8220;off&#8220; custom_margin=&#8220;|||25px|false|false&#8220; custom_margin_tablet=&#8220;|||0px|false|false&#8220; custom_margin_phone=&#8220;|||0px|false|false&#8220; custom_margin_last_edited=&#8220;on|tablet&#8220; custom_padding=&#8220;12px|18px|12px|18px|true|true&#8220; global_colors_info=&#8220;{}&#8220; button_text_color__hover_enabled=&#8220;on|hover&#8220; button_text_color__hover=&#8220;#97BE0D&#8220; button_bg_color__hover_enabled=&#8220;on|desktop&#8220; button_bg_color__hover=&#8220;#FFFFFF&#8220; button_bg_enable_color__hover=&#8220;on&#8220; button_border_color__hover_enabled=&#8220;on|hover&#8220; button_border_color__hover=&#8220;#FFFFFF&#8220;]<br \/>\n[\/et_pb_button][\/et_pb_column][et_pb_column type=&#8220;1_2&#8243; admin_label=&#8220;Spalte&#8220; _builder_version=&#8220;4.24.2&#8243; _module_preset=&#8220;default&#8220; global_colors_info=&#8220;{}&#8220;][et_pb_text admin_label=&#8220;Texte&#8220; module_class=&#8220;card-idle&#8220; _builder_version=&#8220;4.27.4&#8243; _module_preset=&#8220;default&#8220; text_font=&#8220;Be Vietnam Pro||||||||&#8220; text_text_color=&#8220;#FFFFFF&#8220; text_font_size=&#8220;35px&#8220; text_line_height=&#8220;36px&#8220; background_image=&#8220;https:\/\/www.la-simioune.fr\/wp-content\/uploads\/2024\/05\/grands-emplacements-ombrages-2.jpg&#8220; text_orientation=&#8220;center&#8220; custom_padding=&#8220;240px||240px||true|false&#8220; custom_padding_tablet=&#8220;50px|2%|50px|2%|true|true&#8220; custom_padding_phone=&#8220;50px||50px||true|false&#8220; custom_padding_last_edited=&#8220;on|tablet&#8220; background_last_edited=&#8220;on|desktop&#8220; use_background_color_gradient_tablet=&#8220;on&#8220; background_color_gradient_stops_tablet=&#8220;rgba(1,45,59,0.5) 0%|rgba(1,45,59,0.5) 100%&#8220; background_color_gradient_overlays_image_tablet=&#8220;on&#8220; border_radii=&#8220;off||50px||&#8220; border_radii_tablet=&#8220;off||0px|0px|&#8220; border_radii_phone=&#8220;off||0px|0px|&#8220; border_radii_last_edited=&#8220;on|tablet&#8220; global_colors_info=&#8220;{}&#8220; background__hover_enabled=&#8220;on|hover&#8220; background_color_gradient_stops__hover=&#8220;rgba(1,45,59,0.5) 0%|rgba(1,45,59,0.5) 100%&#8220; use_background_color_gradient__hover=&#8220;on&#8220; background_color_gradient_overlays_image__hover=&#8220;on&#8220;][\/et_pb_text][et_pb_text admin_label=&#8220;Texte&#8220; _builder_version=&#8220;4.27.5&#8243; _module_preset=&#8220;default&#8220; text_font=&#8220;Poppins|500|||||||&#8220; text_text_color=&#8220;#FFFFFF&#8220; text_font_size=&#8220;30px&#8220; text_line_height=&#8220;50px&#8220; header_3_text_color=&#8220;#FFFFFF&#8220; custom_margin=&#8220;||0px||false|false&#8220; custom_margin_tablet=&#8220;||0px||false|false&#8220; custom_margin_phone=&#8220;||20px||false|false&#8220; custom_margin_last_edited=&#8220;on|phone&#8220; custom_padding=&#8220;|||25px|false|false&#8220; custom_padding_tablet=&#8220;|||0px|false|false&#8220; custom_padding_phone=&#8220;|||0px|false|false&#8220; custom_padding_last_edited=&#8220;on|tablet&#8220; text_line_height_tablet=&#8220;50px&#8220; text_line_height_phone=&#8220;40px&#8220; text_line_height_last_edited=&#8220;on|phone&#8220; text_orientation_tablet=&#8220;&#8220; text_orientation_phone=&#8220;center&#8220; text_orientation_last_edited=&#8220;on|phone&#8220; global_colors_info=&#8220;{}&#8220;]<\/p>\n<h3>Gro\u00dfz\u00fcgige Stellpl\u00e4tze f\u00fcr Zelte, Wohnwagen und Wohnmobile<\/h3>\n<p>[\/et_pb_text][et_pb_text admin_label=&#8220;Texte&#8220; _builder_version=&#8220;4.27.5&#8243; _module_preset=&#8220;default&#8220; text_font=&#8220;Poppins||||||||&#8220; text_text_color=&#8220;#FFFFFF&#8220; text_font_size=&#8220;15px&#8220; text_line_height=&#8220;25px&#8220; custom_margin=&#8220;||0px||false|false&#8220; custom_padding=&#8220;8px||31px|25px|false|false&#8220; custom_padding_tablet=&#8220;|||0px|false|false&#8220; custom_padding_phone=&#8220;|||0px|false|false&#8220; custom_padding_last_edited=&#8220;on|tablet&#8220; text_orientation_tablet=&#8220;&#8220; text_orientation_phone=&#8220;center&#8220; text_orientation_last_edited=&#8220;on|phone&#8220; global_colors_info=&#8220;{}&#8220;]<\/p>\n<p>Die Parzellen sind <strong>80 bis 100 m\u00b2 gro\u00df<\/strong> und bieten Platz f\u00fcr Zelte, Wohnwagen und Wohnmobile in einer ruhigen, baumbestandenen Umgebung. Jeder <a href=\"https:\/\/www.la-simioune.fr\/de\/standorte\/\">Stellplatz im Vaucluse<\/a> ist schattig oder halbschattig, mit Stromanschluss und schnellem Zugang zu den Sanit\u00e4ranlagen. Genie\u00dfen Sie das Vergn\u00fcgen des traditionellen Campings, zwischen Komfort, Ruhe und dem Eintauchen in die Natur des Rh\u00f4netals.  <\/p>\n<p>[\/et_pb_text][et_pb_button button_url=&#8220;https:\/\/www.la-simioune.fr\/de\/standorte\/&#8220; button_text=&#8220;Siehe unsere Standorte&#8220; button_alignment_tablet=&#8220;center&#8220; button_alignment_phone=&#8220;center&#8220; button_alignment_last_edited=&#8220;on|tablet&#8220; _builder_version=&#8220;4.27.3&#8243; _module_preset=&#8220;default&#8220; custom_button=&#8220;on&#8220; button_text_size=&#8220;15px&#8220; button_text_color=&#8220;#FFFFFF&#8220; button_bg_color=&#8220;#97BE0D&#8220; button_border_width=&#8220;1px&#8220; button_border_color=&#8220;#97BE0D&#8220; button_border_radius=&#8220;33px&#8220; button_font=&#8220;Lato|||on|||||&#8220; button_use_icon=&#8220;off&#8220; custom_margin=&#8220;1px|||25px|false|false&#8220; custom_margin_tablet=&#8220;|||0px|false|false&#8220; custom_margin_phone=&#8220;|||0px|false|false&#8220; custom_margin_last_edited=&#8220;on|tablet&#8220; custom_padding=&#8220;12px|18px|12px|18px|true|true&#8220; global_colors_info=&#8220;{}&#8220; button_text_color__hover_enabled=&#8220;on|hover&#8220; button_text_color__hover=&#8220;#97BE0D&#8220; button_bg_color__hover_enabled=&#8220;on|desktop&#8220; button_bg_color__hover=&#8220;#FFFFFF&#8220; button_bg_enable_color__hover=&#8220;on&#8220; button_border_color__hover_enabled=&#8220;on|hover&#8220; button_border_color__hover=&#8220;#FFFFFF&#8220;]<br \/>\n[\/et_pb_button][\/et_pb_column][\/et_pb_row][\/et_pb_section][et_pb_section fb_built=&#8220;1&#8243; _builder_version=&#8220;4.27.5&#8243; _module_preset=&#8220;default&#8220; collapsed=&#8220;on&#8220; global_colors_info=&#8220;{}&#8220;][et_pb_row _builder_version=&#8220;4.27.5&#8243; _module_preset=&#8220;default&#8220; global_colors_info=&#8220;{}&#8220;][et_pb_column type=&#8220;4_4&#8243; _builder_version=&#8220;4.27.5&#8243; _module_preset=&#8220;default&#8220; global_colors_info=&#8220;{}&#8220;][et_pb_divider show_divider=&#8220;off&#8220; _builder_version=&#8220;4.27.5&#8243; _module_preset=&#8220;default&#8220; global_colors_info=&#8220;{}&#8220;][\/et_pb_divider][\/et_pb_column][\/et_pb_row][\/et_pb_section][et_pb_section fb_built=&#8220;1&#8243; admin_label=&#8220;Espace aquatique&#8220; _builder_version=&#8220;4.22.1&#8243; _module_preset=&#8220;default&#8220; custom_margin=&#8220;||100px||false|false&#8220; custom_margin_tablet=&#8220;||50px||false|false&#8220; custom_margin_phone=&#8220;||0px||false|false&#8220; custom_margin_last_edited=&#8220;on|tablet&#8220; custom_padding=&#8220;0px||0px||true|false&#8220; locked=&#8220;off&#8220; collapsed=&#8220;on&#8220; global_colors_info=&#8220;{}&#8220; custom_css_main_element_last_edited=&#8220;on|tablet&#8220; custom_css_main_element_tablet=&#8220;display: flex;||flex-direction: column-reverse;&#8220; custom_css_main_element_phone=&#8220;display: flex;||flex-direction: column-reverse;&#8220;][et_pb_row custom_padding_last_edited=&#8220;on|phone&#8220; _builder_version=&#8220;4.25.0&#8243; _module_preset=&#8220;default&#8220; background_color=&#8220;#FFFFFF&#8220; positioning=&#8220;absolute&#8220; position_origin_a=&#8220;center_left&#8220; horizontal_offset=&#8220;13vw&#8220; z_index=&#8220;10&#8243; position_origin_a_tablet=&#8220;center_left&#8220; position_origin_a_phone=&#8220;center_left&#8220; position_origin_a_last_edited=&#8220;on|phone&#8220; position_origin_f_tablet=&#8220;&#8220; position_origin_f_phone=&#8220;&#8220; position_origin_f_last_edited=&#8220;on|phone&#8220; position_origin_r_tablet=&#8220;&#8220; position_origin_r_phone=&#8220;&#8220; position_origin_r_last_edited=&#8220;on|phone&#8220; max_width=&#8220;38vw&#8220; max_width_tablet=&#8220;88%&#8220; max_width_phone=&#8220;88%&#8220; max_width_last_edited=&#8220;on|tablet&#8220; overflow-x=&#8220;visible&#8220; overflow-y=&#8220;visible&#8220; custom_padding=&#8220;48px|62px|48px||true|false&#8220; custom_padding_tablet=&#8220;50px|0px|42px||false|false&#8220; custom_padding_phone=&#8220;27px||50px||false|false&#8220; positioning_tablet=&#8220;none&#8220; positioning_phone=&#8220;none&#8220; positioning_last_edited=&#8220;on|tablet&#8220; border_radii=&#8220;on|50px|50px|50px|50px&#8220; box_shadow_color_tablet=&#8220;rgba(0,0,0,0.08)&#8220; box_shadow_color_phone=&#8220;RGBA(255,255,255,0)&#8220; box_shadow_color_last_edited=&#8220;on|phone&#8220; global_colors_info=&#8220;{}&#8220; custom_css_main_element_last_edited=&#8220;on|tablet&#8220; custom_css_main_element_tablet=&#8220;padding-top: 52px!important;&#8220; custom_css_main_element_phone=&#8220;padding-top: 52px!important;&#8220;][et_pb_column type=&#8220;4_4&#8243; _builder_version=&#8220;4.22.1&#8243; _module_preset=&#8220;default&#8220; global_colors_info=&#8220;{}&#8220;][et_pb_text admin_label=&#8220;Texte&#8220; _builder_version=&#8220;4.27.5&#8243; _module_preset=&#8220;default&#8220; header_2_font=&#8220;Poppins|600|||||||&#8220; header_2_text_align=&#8220;left&#8220; header_2_text_color=&#8220;#97BE0D&#8220; header_2_font_size=&#8220;32px&#8220; header_2_line_height=&#8220;40px&#8220; module_alignment=&#8220;center&#8220; custom_margin=&#8220;||20px||false|false&#8220; header_2_text_align_tablet=&#8220;left&#8220; header_2_text_align_phone=&#8220;center&#8220; header_2_text_align_last_edited=&#8220;on|phone&#8220; global_colors_info=&#8220;{}&#8220;]<\/p>\n<h2>Espace Aquatique: Entspannung und Wasserspa\u00df im Vaucluse<\/h2>\n<p>[\/et_pb_text][et_pb_text admin_label=&#8220;Texte&#8220; module_class=&#8220;content_links&#8220; _builder_version=&#8220;4.27.5&#8243; _module_preset=&#8220;default&#8220; text_font=&#8220;Be Vietnam Pro||||||||&#8220; text_text_color=&#8220;#012d3b&#8220; text_font_size=&#8220;15px&#8220; text_line_height=&#8220;25px&#8220; header_3_font=&#8220;Quicksand||||||||&#8220; header_3_text_color=&#8220;#003E52&#8243; header_3_line_height=&#8220;28px&#8220; text_orientation_tablet=&#8220;&#8220; text_orientation_phone=&#8220;center&#8220; text_orientation_last_edited=&#8220;on|phone&#8220; global_colors_info=&#8220;{}&#8220;]<\/p>\n<p>M\u00f6chten Sie die Sonne der Provence in vollen Z\u00fcgen genie\u00dfen? Unser <strong>Campingplatz im Rh\u00f4ne-Tal<\/strong> empf\u00e4ngt Sie auf einem <a href=\"https:\/\/www.la-simioune.fr\/de\/wasserpark\/\">Campingplatz mit Swimmingpool im Vaucluse<\/a>, ideal zum Schwimmen, Entspannen und f\u00fcr die ganze Familie. Der Pool liegt in Boll\u00e8ne, zwischen der Dr\u00f4me Proven\u00e7ale und der Ard\u00e8che.  <\/p>\n<p>Der <strong>Familienpool<\/strong> ist dem Spiel und der Geselligkeit gewidmet. Gro\u00df und Klein kommen hier zusammen, um zu schwimmen, sich zu am\u00fcsieren und Momente der Zweisamkeit in einer freundlichen Atmosph\u00e4re zu teilen. <strong>Zwei 24 m lange Wasserrutschen<\/strong> bieten Kindern und Erwachsenen gleicherma\u00dfen Spa\u00df und Abwechslung, w\u00e4hrend die Kleinen <strong>im Planschbecken das<\/strong> Wasser in aller Ruhe genie\u00dfen k\u00f6nnen. <\/p>\n<p>F\u00fcr einen ruhigeren Moment l\u00e4dt der <strong>auf 28\u00b0C beheizte Pool<\/strong> &#8222;Zen &amp; Relax&#8220;, der in den Sommermonaten nur f\u00fcr Erwachsene zug\u00e4nglich ist, zum Entspannen und Erholen ein. Eine <strong>Sonnenterrasse mit Liegest\u00fchlen<\/strong> vervollst\u00e4ndigt den Bereich, so dass Sie sich zwischen zwei Badeg\u00e4ngen entspannen und das milde Klima der Vaucluse in vollen <strong>Z\u00fcgen<\/strong> genie\u00dfen k\u00f6nnen. <\/p>\n<p>[\/et_pb_text][et_pb_button button_url=&#8220;https:\/\/www.la-simioune.fr\/de\/wasserpark\/&#8220; button_text=&#8220;Entdecken Sie den Wasserbereich&#8220; _builder_version=&#8220;4.27.5&#8243; _module_preset=&#8220;default&#8220; custom_button=&#8220;on&#8220; button_text_size=&#8220;15px&#8220; button_text_color=&#8220;#97BE0D&#8220; button_border_width=&#8220;1px&#8220; button_border_color=&#8220;#97BE0D&#8220; button_border_radius=&#8220;33px&#8220; button_font=&#8220;Lato|||on|||||&#8220; button_use_icon=&#8220;off&#8220; custom_padding=&#8220;12px|18px|12px|18px|true|true&#8220; global_colors_info=&#8220;{}&#8220; button_text_color__hover=&#8220;#FFFFFF&#8220; button_text_color__hover_enabled=&#8220;on|hover&#8220; button_bg_color__hover=&#8220;#97BE0D&#8220; button_bg_color__hover_enabled=&#8220;on|hover&#8220;]<br \/>\n[\/et_pb_button][\/et_pb_column][\/et_pb_row][et_pb_row column_structure=&#8220;1_3,2_3&#8243; disabled_on=&#8220;off|off|off&#8220; _builder_version=&#8220;4.22.1&#8243; _module_preset=&#8220;default&#8220; width_tablet=&#8220;100%&#8220; width_phone=&#8220;100%&#8220; width_last_edited=&#8220;on|tablet&#8220; max_width_tablet=&#8220;100%&#8220; max_width_phone=&#8220;100%&#8220; max_width_last_edited=&#8220;on|tablet&#8220; custom_padding=&#8220;0px||0px||true|false&#8220; global_colors_info=&#8220;{}&#8220;][et_pb_column type=&#8220;1_3&#8243; disabled_on=&#8220;off|off|off&#8220; _builder_version=&#8220;4.22.1&#8243; _module_preset=&#8220;default&#8220; global_colors_info=&#8220;{}&#8220;][\/et_pb_column][et_pb_column type=&#8220;2_3&#8243; _builder_version=&#8220;4.22.1&#8243; _module_preset=&#8220;default&#8220; global_colors_info=&#8220;{}&#8220;][et_pb_image src=&#8220;https:\/\/www.la-simioune.fr\/wp-content\/uploads\/2026\/02\/AB44F73D08A050C8669787B5DB6E7B88.webp&#8220; alt=&#8220;Campingplatz in der Vaucluse mit zwei Swimmingpools und Wasserpark&#8220; title_text=&#8220;Campingplatz in der Vaucluse mit zwei Swimmingpools und Wasserpark&#8220; show_bottom_space=&#8220;off&#8220; align=&#8220;right&#8220; align_tablet=&#8220;center&#8220; align_phone=&#8220;center&#8220; align_last_edited=&#8220;on|tablet&#8220; _builder_version=&#8220;4.27.5&#8243; _module_preset=&#8220;default&#8220; width=&#8220;800px&#8220; width_tablet=&#8220;100%&#8220; width_phone=&#8220;100%&#8220; width_last_edited=&#8220;on|tablet&#8220; max_width=&#8220;800px&#8220; max_width_tablet=&#8220;100%&#8220; max_width_phone=&#8220;100%&#8220; max_width_last_edited=&#8220;on|tablet&#8220; custom_margin_tablet=&#8220;||23px||false|false&#8220; custom_margin_phone=&#8220;||23px||false|false&#8220; custom_margin_last_edited=&#8220;on|tablet&#8220; animation_style=&#8220;flip&#8220; animation_direction=&#8220;left&#8220; border_radii=&#8220;on|50px|50px|50px|50px&#8220; border_radii_tablet=&#8220;on|0px|0px|0px|0px&#8220; border_radii_phone=&#8220;on|0px|0px|0px|0px&#8220; border_radii_last_edited=&#8220;on|tablet&#8220; global_colors_info=&#8220;{}&#8220;]<br \/>\n[\/et_pb_image][\/et_pb_column][\/et_pb_row][\/et_pb_section][et_pb_section fb_built=&#8220;1&#8243; admin_label=&#8220;Services et Animations&#8220; _builder_version=&#8220;4.27.4&#8243; _module_preset=&#8220;default&#8220; custom_margin=&#8220;||93px||false|false&#8220; custom_margin_tablet=&#8220;||58px||false|false&#8220; custom_margin_phone=&#8220;||0px||false|false&#8220; custom_margin_last_edited=&#8220;on|phone&#8220; custom_padding=&#8220;0px||0px||true|false&#8220; saved_tabs=&#8220;all&#8220; locked=&#8220;off&#8220; collapsed=&#8220;off&#8220; global_colors_info=&#8220;{}&#8220;][et_pb_row column_structure=&#8220;2_3,1_3&#8243; _builder_version=&#8220;4.27.4&#8243; _module_preset=&#8220;default&#8220; width_tablet=&#8220;&#8220; width_phone=&#8220;100%&#8220; width_last_edited=&#8220;on|phone&#8220; custom_padding=&#8220;0px||0px||true|false&#8220; global_colors_info=&#8220;{}&#8220;][et_pb_column type=&#8220;2_3&#8243; _builder_version=&#8220;4.27.4&#8243; _module_preset=&#8220;default&#8220; global_colors_info=&#8220;{}&#8220; custom_css_main_element_last_edited=&#8220;on|tablet&#8220; custom_css_main_element_tablet=&#8220;margin-bottom: 0px;&#8220; custom_css_main_element_phone=&#8220;margin-bottom: 0px;&#8220;][et_pb_image src=&#8220;https:\/\/www.la-simioune.fr\/wp-content\/uploads\/2026\/01\/Camping-Vaucluse-avec-animation-musicale-scaled.webp&#8220; alt=&#8220;Camping Vaucluse Mit Musikalischer Unterhaltung&#8220; title_text=&#8220;Camping Vaucluse Mit Musikalischer Unterhaltung&#8220; show_bottom_space=&#8220;off&#8220; admin_label=&#8220;Image&#8220; _builder_version=&#8220;4.27.5&#8243; _module_preset=&#8220;default&#8220; width=&#8220;800px&#8220; width_tablet=&#8220;100%&#8220; width_phone=&#8220;100%&#8220; width_last_edited=&#8220;on|tablet&#8220; max_width=&#8220;800px&#8220; max_width_tablet=&#8220;100%&#8220; max_width_phone=&#8220;100%&#8220; max_width_last_edited=&#8220;on|tablet&#8220; animation_style=&#8220;flip&#8220; animation_direction=&#8220;right&#8220; border_radii=&#8220;on|50px|50px|50px|50px&#8220; border_radii_tablet=&#8220;on|15px|15px|15px|15px&#8220; border_radii_phone=&#8220;on|0px|0px|0px|0px&#8220; border_radii_last_edited=&#8220;on|phone&#8220; global_colors_info=&#8220;{}&#8220;]<br \/>\n[\/et_pb_image][\/et_pb_column][et_pb_column type=&#8220;1_3&#8243; disabled_on=&#8220;on|on|off&#8220; _builder_version=&#8220;4.24.2&#8243; _module_preset=&#8220;default&#8220; animation_direction=&#8220;right&#8220; global_colors_info=&#8220;{}&#8220; custom_css_main_element_last_edited=&#8220;on|tablet&#8220;][\/et_pb_column][\/et_pb_row][et_pb_row custom_padding_last_edited=&#8220;on|phone&#8220; _builder_version=&#8220;4.27.4&#8243; _module_preset=&#8220;default&#8220; background_color=&#8220;#FFFFFF&#8220; positioning=&#8220;absolute&#8220; position_origin_a=&#8220;center_right&#8220; horizontal_offset=&#8220;8vw&#8220; z_index=&#8220;10&#8243; position_origin_a_tablet=&#8220;center_right&#8220; position_origin_a_phone=&#8220;center_right&#8220; position_origin_a_last_edited=&#8220;on|phone&#8220; position_origin_f_tablet=&#8220;&#8220; position_origin_f_phone=&#8220;&#8220; position_origin_f_last_edited=&#8220;on|phone&#8220; position_origin_r_tablet=&#8220;&#8220; position_origin_r_phone=&#8220;&#8220; position_origin_r_last_edited=&#8220;on|phone&#8220; max_width=&#8220;38vw&#8220; max_width_tablet=&#8220;88%&#8220; max_width_phone=&#8220;88%&#8220; max_width_last_edited=&#8220;on|tablet&#8220; custom_padding=&#8220;48px||48px|62px|true|false&#8220; custom_padding_tablet=&#8220;50px||42px|0px|false|false&#8220; custom_padding_phone=&#8220;27px||42px||false|false&#8220; animation_direction=&#8220;right&#8220; positioning_tablet=&#8220;none&#8220; positioning_phone=&#8220;none&#8220; positioning_last_edited=&#8220;on|tablet&#8220; border_radii=&#8220;on|50px|50px|50px|50px&#8220; box_shadow_color_tablet=&#8220;rgba(0,0,0,0.08)&#8220; box_shadow_color_phone=&#8220;RGBA(255,255,255,0)&#8220; box_shadow_color_last_edited=&#8220;on|phone&#8220; global_colors_info=&#8220;{}&#8220;][et_pb_column type=&#8220;4_4&#8243; _builder_version=&#8220;4.24.2&#8243; _module_preset=&#8220;default&#8220; global_colors_info=&#8220;{}&#8220;][et_pb_text _builder_version=&#8220;4.27.5&#8243; _module_preset=&#8220;default&#8220; header_2_font=&#8220;Poppins|600|||||||&#8220; header_2_text_align=&#8220;left&#8220; header_2_text_color=&#8220;#97BE0D&#8220; header_2_font_size=&#8220;32px&#8220; header_2_line_height=&#8220;40px&#8220; module_alignment=&#8220;center&#8220; custom_margin=&#8220;||20px||false|false&#8220; animation_direction=&#8220;right&#8220; header_2_text_align_tablet=&#8220;left&#8220; header_2_text_align_phone=&#8220;center&#8220; header_2_text_align_last_edited=&#8220;on|phone&#8220; global_colors_info=&#8220;{}&#8220;]<\/p>\n<h2>Animationen und Dienstleistungen f\u00fcr einen geselligen Aufenthalt auf einem Campingplatz im Rh\u00f4ne-Tal<\/h2>\n<p>[\/et_pb_text][et_pb_text admin_label=&#8220;Texte&#8220; module_class=&#8220;content_links&#8220; _builder_version=&#8220;4.27.5&#8243; _module_preset=&#8220;default&#8220; text_font=&#8220;Be Vietnam Pro||||||||&#8220; text_text_color=&#8220;#012d3b&#8220; text_font_size=&#8220;15px&#8220; text_line_height=&#8220;25px&#8220; header_3_font=&#8220;Quicksand||||||||&#8220; header_3_text_color=&#8220;#003E52&#8243; header_3_line_height=&#8220;28px&#8220; max_width=&#8220;580px&#8220; animation_direction=&#8220;right&#8220; text_orientation_tablet=&#8220;&#8220; text_orientation_phone=&#8220;center&#8220; text_orientation_last_edited=&#8220;on|phone&#8220; global_colors_info=&#8220;{}&#8220;]<\/p>\n<p>Auf unserem <strong>Campingplatz im Rh\u00f4ne-Tal<\/strong> k\u00f6nnen Sie von einer gro\u00dfen Auswahl an Animationen und Dienstleistungen profitieren, um Ihre Tage mit Entspannung, Freizeit und gemeinsamen Momenten mit der Familie oder mit Freunden zu gestalten.<\/p>\n<p>W\u00e4hrend der Ferien steht der Pool im Mittelpunkt, aber es gibt auch zahlreiche Aktivit\u00e4ten, die Ihren Aufenthalt erg\u00e4nzen: <strong>Kinderspielplatz<\/strong> mit Trampolin und Spielstrukturen, <strong>Tischtennisplatten,<\/strong> <strong>Tischfu\u00dfball<\/strong>, <strong>Fu\u00dfballk\u00e4fige<\/strong> und <strong>Boulodrome<\/strong> f\u00fcr gesellige Spiele. In der Saison werden auch Konzertabende angeboten, um die Tage in einer gem\u00fctlichen Atmosph\u00e4re zu verl\u00e4ngern. <\/p>\n<p>Im Servicebereich ist alles f\u00fcr Ihren Komfort gedacht. Der Campingplatz verf\u00fcgt \u00fcber eine Bar, ein abends ge\u00f6ffnetes Snack-Restaurant, einen Gemeinschaftsgrill, Picknicktische sowie einen Brot- und Geb\u00e4ckverkauf. Kostenloses WLAN, gepflegte Sanit\u00e4ranlagen und Waschmaschinen vervollst\u00e4ndigen das Angebot f\u00fcr einen <strong>praktischen und angenehmen Aufenthalt im Herzen der Vaucluse<\/strong>.  <\/p>\n<p>[\/et_pb_text][et_pb_button button_url=&#8220;https:\/\/www.la-simioune.fr\/de\/animationen-und-aktivitaeten\/&#8220; button_text=&#8220;Entdecken Sie die Animationen&#8220; _builder_version=&#8220;4.27.5&#8243; _module_preset=&#8220;default&#8220; custom_button=&#8220;on&#8220; button_text_size=&#8220;15px&#8220; button_text_color=&#8220;#97BE0D&#8220; button_border_width=&#8220;1px&#8220; button_border_color=&#8220;#97BE0D&#8220; button_border_radius=&#8220;33px&#8220; button_font=&#8220;Lato|||on|||||&#8220; button_use_icon=&#8220;off&#8220; custom_padding=&#8220;12px|18px|12px|18px|true|true&#8220; global_colors_info=&#8220;{}&#8220; button_text_color__hover_enabled=&#8220;on|hover&#8220; button_text_color__hover=&#8220;#FFFFFF&#8220; button_bg_color__hover_enabled=&#8220;on|hover&#8220; button_bg_color__hover=&#8220;#97BE0D&#8220; button_bg_enable_color__hover=&#8220;on&#8220;]<br \/>\n[\/et_pb_button][\/et_pb_column][\/et_pb_row][\/et_pb_section][et_pb_section fb_built=&#8220;1&#8243; custom_padding_last_edited=&#8220;on|phone&#8220; admin_label=&#8220;Bandeau de r\u00e9assurance&#8220; _builder_version=&#8220;4.25.0&#8243; _module_preset=&#8220;default&#8220; background_color=&#8220;rgba(151,190,13,0.1)&#8220; max_width_tablet=&#8220;95%&#8220; max_width_phone=&#8220;100%&#8220; max_width_last_edited=&#8220;off|desktop&#8220; module_alignment=&#8220;center&#8220; custom_margin=&#8220;||||false|false&#8220; custom_margin_tablet=&#8220;||0px||false|false&#8220; custom_margin_phone=&#8220;||0px||false|false&#8220; custom_margin_last_edited=&#8220;off|desktop&#8220; custom_padding=&#8220;116px||69px||false|false&#8220; custom_padding_tablet=&#8220;10vh||99px||false|false&#8220; custom_padding_phone=&#8220;10vh||55px||false|false&#8220; border_radii=&#8220;on|20px|20px|20px|20px&#8220; border_radii_tablet=&#8220;on|20px|20px|20px|20px&#8220; border_radii_phone=&#8220;on|0px|0px|0px|0px&#8220; border_radii_last_edited=&#8220;on|phone&#8220; locked=&#8220;off&#8220; collapsed=&#8220;on&#8220; global_colors_info=&#8220;{}&#8220;][et_pb_row _builder_version=&#8220;4.25.0&#8243; _module_preset=&#8220;default&#8220; custom_margin=&#8220;||50px||false|false&#8220; custom_margin_tablet=&#8220;||40px||false|false&#8220; custom_margin_phone=&#8220;||40px||false|false&#8220; custom_margin_last_edited=&#8220;on|tablet&#8220; custom_padding=&#8220;0px||0px||true|&#8220; global_colors_info=&#8220;{}&#8220;][et_pb_column type=&#8220;4_4&#8243; _builder_version=&#8220;4.24.2&#8243; _module_preset=&#8220;default&#8220; global_colors_info=&#8220;{}&#8220;][et_pb_text admin_label=&#8220;Texte&#8220; _builder_version=&#8220;4.27.5&#8243; _module_preset=&#8220;default&#8220; header_2_font=&#8220;Poppins|700|||||||&#8220; header_2_text_align=&#8220;center&#8220; header_2_text_color=&#8220;#003E52&#8243; header_2_font_size=&#8220;40px&#8220; header_2_line_height=&#8220;35px&#8220; max_width=&#8220;842px&#8220; module_alignment=&#8220;center&#8220; custom_margin=&#8220;||24px||false|false&#8220; header_2_font_size_tablet=&#8220;40px&#8220; header_2_font_size_phone=&#8220;32px&#8220; header_2_font_size_last_edited=&#8220;on|phone&#8220; global_colors_info=&#8220;{}&#8220;]<\/p>\n<h2>Die Vorteile unseres Campingplatzes im Rh\u00f4ne-Tal<\/h2>\n<p>[\/et_pb_text][et_pb_text _builder_version=&#8220;4.27.5&#8243; _module_preset=&#8220;default&#8220; text_font=&#8220;Poppins||||||||&#8220; text_text_color=&#8220;#003E52&#8243; text_font_size=&#8220;30px&#8220; text_line_height=&#8220;37px&#8220; text_orientation=&#8220;center&#8220; custom_margin=&#8220;||0px||false|false&#8220; text_font_size_tablet=&#8220;30px&#8220; text_font_size_phone=&#8220;24px&#8220; text_font_size_last_edited=&#8220;on|phone&#8220; global_colors_info=&#8220;{}&#8220;]<\/p>\n<p>Profitiere von den vielen Vorteilen des Campingplatzes<\/p>\n<p>[\/et_pb_text][\/et_pb_column][\/et_pb_row][et_pb_row column_structure=&#8220;1_4,1_4,1_4,1_4&#8243; use_custom_gutter=&#8220;on&#8220; gutter_width=&#8220;2&#8243; _builder_version=&#8220;4.25.0&#8243; _module_preset=&#8220;default&#8220; width_tablet=&#8220;&#8220; width_phone=&#8220;88%&#8220; width_last_edited=&#8220;on|phone&#8220; max_width=&#8220;1180px&#8220; custom_margin=&#8220;||72px||false|false&#8220; custom_padding=&#8220;0px||0px||false|false&#8220; global_colors_info=&#8220;{}&#8220;][et_pb_column type=&#8220;1_4&#8243; _builder_version=&#8220;4.22.1&#8243; _module_preset=&#8220;default&#8220; global_colors_info=&#8220;{}&#8220; custom_css_main_element_last_edited=&#8220;on|phone&#8220; custom_css_main_element_phone=&#8220;width: 50%!important;&#8220;][et_pb_blurb title=&#8220;Ideale Lage&#8220; image_icon_background_color=&#8220;RGBA(255,255,255,0)&#8220; image=&#8220;https:\/\/www.la-simioune.fr\/wp-content\/uploads\/2024\/04\/espace-aquatique-toboggans.png&#8220; alt=&#8220;Wasserpark Rutschen&#8220; image_icon_width=&#8220;135px&#8220; image_icon_width_tablet=&#8220;100px&#8220; image_icon_width_phone=&#8220;100px&#8220; image_icon_width_last_edited=&#8220;on|tablet&#8220; admin_label=&#8220;R\u00e9sum\u00e9&#8220; _builder_version=&#8220;4.27.5&#8243; _module_preset=&#8220;default&#8220; header_level=&#8220;h3&#8243; header_font=&#8220;Poppins|600|||||||&#8220; header_text_align=&#8220;center&#8220; header_text_color=&#8220;#003E52&#8243; header_font_size=&#8220;22px&#8220; header_line_height=&#8220;30px&#8220; body_font=&#8220;Poppins||||||||&#8220; body_text_align=&#8220;center&#8220; body_text_color=&#8220;#003E52&#8243; body_font_size=&#8220;15px&#8220; body_line_height=&#8220;22px&#8220; image_icon_custom_margin=&#8220;||||false|false&#8220; image_icon_custom_padding=&#8220;||||false|false&#8220; image_icon_custom_padding_tablet=&#8220;24px|21px|24px|21px|true|true&#8220; image_icon_custom_padding_phone=&#8220;24px|21px|24px|21px|true|true&#8220; image_icon_custom_padding_last_edited=&#8220;off|desktop&#8220; max_width_tablet=&#8220;&#8220; max_width_phone=&#8220;175px&#8220; max_width_last_edited=&#8220;on|phone&#8220; header_font_size_tablet=&#8220;22px&#8220; header_font_size_phone=&#8220;17px&#8220; header_font_size_last_edited=&#8220;on|phone&#8220; header_line_height_tablet=&#8220;30px&#8220; header_line_height_phone=&#8220;22px&#8220; header_line_height_last_edited=&#8220;on|phone&#8220; body_font_size_tablet=&#8220;15px&#8220; body_font_size_phone=&#8220;12px&#8220; body_font_size_last_edited=&#8220;on|phone&#8220; body_line_height_tablet=&#8220;20px&#8220; body_line_height_phone=&#8220;18px&#8220; body_line_height_last_edited=&#8220;on|phone&#8220; module_alignment_tablet=&#8220;&#8220; module_alignment_phone=&#8220;center&#8220; module_alignment_last_edited=&#8220;on|phone&#8220; custom_css_blurb_image=&#8220;margin-bottom: 14px;&#8220; custom_css_blurb_title=&#8220;min-height: 46px!important;&#8220; global_colors_info=&#8220;{}&#8220;]<\/p>\n<p>zwischen Provence, Ard\u00e8che und Dr\u00f4me, zahlreiche Sehensw\u00fcrdigkeiten in der N\u00e4he<\/p>\n<p>[\/et_pb_blurb][\/et_pb_column][et_pb_column type=&#8220;1_4&#8243; _builder_version=&#8220;4.22.1&#8243; _module_preset=&#8220;default&#8220; global_colors_info=&#8220;{}&#8220; custom_css_main_element_last_edited=&#8220;on|phone&#8220; custom_css_main_element_phone=&#8220;width: 50%!important;&#8220;][et_pb_blurb title=&#8220;Familiencampingplatz in menschlicher Gr\u00f6\u00dfe&#8220; image_icon_background_color=&#8220;RGBA(255,255,255,0)&#8220; image=&#8220;https:\/\/www.la-simioune.fr\/wp-content\/uploads\/2024\/04\/activites-camping.png&#8220; alt=&#8220;Aktivit\u00e4ten auf dem Campingplatz&#8220; image_icon_width=&#8220;135px&#8220; image_icon_width_tablet=&#8220;100px&#8220; image_icon_width_phone=&#8220;100px&#8220; image_icon_width_last_edited=&#8220;on|tablet&#8220; admin_label=&#8220;R\u00e9sum\u00e9&#8220; _builder_version=&#8220;4.27.5&#8243; _module_preset=&#8220;default&#8220; header_level=&#8220;h3&#8243; header_font=&#8220;Poppins|600|||||||&#8220; header_text_align=&#8220;center&#8220; header_text_color=&#8220;#003E52&#8243; header_font_size=&#8220;22px&#8220; header_line_height=&#8220;30px&#8220; body_font=&#8220;Poppins||||||||&#8220; body_text_align=&#8220;center&#8220; body_text_color=&#8220;#003E52&#8243; body_font_size=&#8220;15px&#8220; body_line_height=&#8220;22px&#8220; image_icon_custom_margin=&#8220;||||false|false&#8220; image_icon_custom_padding=&#8220;||||false|false&#8220; max_width_tablet=&#8220;&#8220; max_width_phone=&#8220;175px&#8220; max_width_last_edited=&#8220;on|phone&#8220; header_font_size_tablet=&#8220;22px&#8220; header_font_size_phone=&#8220;17px&#8220; header_font_size_last_edited=&#8220;on|phone&#8220; header_line_height_tablet=&#8220;30px&#8220; header_line_height_phone=&#8220;22px&#8220; header_line_height_last_edited=&#8220;on|phone&#8220; body_font_size_tablet=&#8220;15px&#8220; body_font_size_phone=&#8220;12px&#8220; body_font_size_last_edited=&#8220;on|phone&#8220; body_line_height_tablet=&#8220;20px&#8220; body_line_height_phone=&#8220;18px&#8220; body_line_height_last_edited=&#8220;on|phone&#8220; custom_css_blurb_image=&#8220;margin-bottom: 14px;&#8220; custom_css_blurb_title=&#8220;min-height: 46px!important;&#8220; global_colors_info=&#8220;{}&#8220;]<\/p>\n<p>Gesellige Atmosph\u00e4re und ein entspannter Urlaub<\/p>\n<p>[\/et_pb_blurb][\/et_pb_column][et_pb_column type=&#8220;1_4&#8243; _builder_version=&#8220;4.22.1&#8243; _module_preset=&#8220;default&#8220; global_colors_info=&#8220;{}&#8220; custom_css_main_element_last_edited=&#8220;on|phone&#8220; custom_css_main_element_phone=&#8220;width: 50%!important;&#8220;][et_pb_blurb title=&#8220;Vielf\u00e4ltige Unterk\u00fcnfte&#8220; image_icon_background_color=&#8220;RGBA(255,255,255,0)&#8220; image=&#8220;https:\/\/www.la-simioune.fr\/wp-content\/uploads\/2024\/04\/sejour-nature-calme.png&#8220; alt=&#8220;Ruhiger Aufenthalt in der Natur&#8220; image_icon_width=&#8220;135px&#8220; image_icon_width_tablet=&#8220;100px&#8220; image_icon_width_phone=&#8220;100px&#8220; image_icon_width_last_edited=&#8220;on|tablet&#8220; admin_label=&#8220;R\u00e9sum\u00e9&#8220; _builder_version=&#8220;4.27.5&#8243; _module_preset=&#8220;default&#8220; header_level=&#8220;h3&#8243; header_font=&#8220;Poppins|600|||||||&#8220; header_text_align=&#8220;center&#8220; header_text_color=&#8220;#003E52&#8243; header_font_size=&#8220;22px&#8220; header_line_height=&#8220;30px&#8220; body_font=&#8220;Poppins||||||||&#8220; body_text_align=&#8220;center&#8220; body_text_color=&#8220;#003E52&#8243; body_font_size=&#8220;15px&#8220; body_line_height=&#8220;22px&#8220; image_icon_custom_margin=&#8220;||||false|false&#8220; image_icon_custom_padding=&#8220;||||false|false&#8220; max_width_tablet=&#8220;&#8220; max_width_phone=&#8220;175px&#8220; max_width_last_edited=&#8220;on|phone&#8220; header_font_size_tablet=&#8220;22px&#8220; header_font_size_phone=&#8220;17px&#8220; header_font_size_last_edited=&#8220;on|phone&#8220; header_line_height_tablet=&#8220;30px&#8220; header_line_height_phone=&#8220;22px&#8220; header_line_height_last_edited=&#8220;on|phone&#8220; body_font_size_tablet=&#8220;15px&#8220; body_font_size_phone=&#8220;12px&#8220; body_font_size_last_edited=&#8220;on|phone&#8220; body_line_height_tablet=&#8220;20px&#8220; body_line_height_phone=&#8220;18px&#8220; body_line_height_last_edited=&#8220;on|phone&#8220; custom_css_blurb_image=&#8220;margin-bottom: 14px;&#8220; custom_css_blurb_title=&#8220;min-height: 46px!important;&#8220; global_colors_info=&#8220;{}&#8220;]<\/p>\n<p>Mobilheime, Ungew\u00f6hnliche und ger\u00e4umige Stellpl\u00e4tze zur Auswahl<\/p>\n<p>[\/et_pb_blurb][\/et_pb_column][et_pb_column type=&#8220;1_4&#8243; _builder_version=&#8220;4.22.1&#8243; _module_preset=&#8220;default&#8220; global_colors_info=&#8220;{}&#8220; custom_css_main_element_last_edited=&#8220;on|phone&#8220; custom_css_main_element_phone=&#8220;width: 50%!important;&#8220;][et_pb_blurb title=&#8220;Erholung und Freizeit vor Ort&#8220; image_icon_background_color=&#8220;RGBA(255,255,255,0)&#8220; image=&#8220;https:\/\/www.la-simioune.fr\/wp-content\/uploads\/2024\/04\/wifi-gratuite.png&#8220; alt=&#8220;Kostenloses Wifi&#8220; image_icon_width=&#8220;135px&#8220; image_icon_width_tablet=&#8220;100px&#8220; image_icon_width_phone=&#8220;100px&#8220; image_icon_width_last_edited=&#8220;on|tablet&#8220; admin_label=&#8220;R\u00e9sum\u00e9&#8220; _builder_version=&#8220;4.27.5&#8243; _module_preset=&#8220;default&#8220; header_level=&#8220;h3&#8243; header_font=&#8220;Poppins|600|||||||&#8220; header_text_align=&#8220;center&#8220; header_text_color=&#8220;#003E52&#8243; header_font_size=&#8220;22px&#8220; header_line_height=&#8220;30px&#8220; body_font=&#8220;Poppins||||||||&#8220; body_text_align=&#8220;center&#8220; body_text_color=&#8220;#003E52&#8243; body_font_size=&#8220;15px&#8220; body_line_height=&#8220;22px&#8220; image_icon_custom_margin=&#8220;||||false|false&#8220; image_icon_custom_padding=&#8220;||||false|false&#8220; max_width_tablet=&#8220;&#8220; max_width_phone=&#8220;175px&#8220; max_width_last_edited=&#8220;on|phone&#8220; header_font_size_tablet=&#8220;22px&#8220; header_font_size_phone=&#8220;17px&#8220; header_font_size_last_edited=&#8220;on|phone&#8220; header_line_height_tablet=&#8220;30px&#8220; header_line_height_phone=&#8220;22px&#8220; header_line_height_last_edited=&#8220;on|phone&#8220; body_font_size_tablet=&#8220;15px&#8220; body_font_size_phone=&#8220;12px&#8220; body_font_size_last_edited=&#8220;on|phone&#8220; body_line_height_tablet=&#8220;20px&#8220; body_line_height_phone=&#8220;18px&#8220; body_line_height_last_edited=&#8220;on|phone&#8220; custom_css_blurb_image=&#8220;margin-bottom: 14px;&#8220; custom_css_blurb_title=&#8220;min-height: 46px!important;&#8220; global_colors_info=&#8220;{}&#8220;]<\/p>\n<p>Pool, Aktivit\u00e4ten und Dienstleistungen f\u00fcr alle<\/p>\n<p>[\/et_pb_blurb][\/et_pb_column][\/et_pb_row][et_pb_row _builder_version=&#8220;4.25.0&#8243; _module_preset=&#8220;default&#8220; custom_padding=&#8220;0px||0px||true|false&#8220; custom_css_free_form=&#8220;selector .et_pb_blurb_description {margin-top: 8px;}&#8220; global_colors_info=&#8220;{}&#8220;][et_pb_column type=&#8220;4_4&#8243; admin_label=&#8220;Spalte&#8220; _builder_version=&#8220;4.25.0&#8243; _module_preset=&#8220;default&#8220; global_colors_info=&#8220;{}&#8220;][et_pb_blurb image=&#8220;https:\/\/www.la-simioune.fr\/wp-content\/uploads\/2024\/04\/animaux-acceptes.png&#8220; alt=&#8220;Akzeptierte Tiere&#8220; icon_placement=&#8220;left&#8220; image_icon_width=&#8220;40px&#8220; content_max_width=&#8220;800px&#8220; _builder_version=&#8220;4.27.5&#8243; _module_preset=&#8220;default&#8220; body_font=&#8220;Poppins|600|||||||&#8220; body_text_align=&#8220;left&#8220; body_text_color=&#8220;#003E52&#8243; max_width=&#8220;600px&#8220; module_alignment=&#8220;center&#8220; custom_padding=&#8220;||||false|false&#8220; custom_css_blurb_image=&#8220;margin-top: 8px!important&#8220; global_colors_info=&#8220;{}&#8220;]<\/p>\n<p>Wir akzeptieren unsere vierbeinigen Freunde auf den Stellpl\u00e4tzen des Campingplatzes.<\/p>\n<p>[\/et_pb_blurb][\/et_pb_column][\/et_pb_row][\/et_pb_section][et_pb_section fb_built=&#8220;1&#8243; admin_label=&#8220;Avis&#8220; _builder_version=&#8220;4.25.0&#8243; _module_preset=&#8220;default&#8220; background_color=&#8220;rgba(151,190,13,0.1)&#8220; custom_padding=&#8220;100px||||false|false&#8220; locked=&#8220;off&#8220; collapsed=&#8220;on&#8220; global_colors_info=&#8220;{}&#8220;][et_pb_row custom_padding_last_edited=&#8220;on|tablet&#8220; _builder_version=&#8220;4.24.3&#8243; _module_preset=&#8220;default&#8220; custom_padding=&#8220;0px||0px||false|false&#8220; custom_padding_tablet=&#8220;0px||0px||false|false&#8220; custom_padding_phone=&#8220;0px||0px||false|false&#8220; global_colors_info=&#8220;{}&#8220;][et_pb_column type=&#8220;4_4&#8243; _builder_version=&#8220;4.23.1&#8243; _module_preset=&#8220;default&#8220; global_colors_info=&#8220;{}&#8220;][et_pb_text admin_label=&#8220;Texte&#8220; _builder_version=&#8220;4.27.5&#8243; _module_preset=&#8220;default&#8220; header_2_font=&#8220;Poppins|700|||||||&#8220; header_2_text_align=&#8220;center&#8220; header_2_text_color=&#8220;#97BE0D&#8220; header_2_font_size=&#8220;32px&#8220; header_2_line_height=&#8220;40px&#8220; module_alignment=&#8220;center&#8220; custom_margin=&#8220;||0px||false|false&#8220; global_colors_info=&#8220;{}&#8220;]<\/p>\n<h2>Die Meinungen unserer Urlauber<\/h2>\n<p>[\/et_pb_text][et_pb_text _builder_version=&#8220;4.27.3&#8243; _module_preset=&#8220;default&#8220; text_font=&#8220;Poppins||||||||&#8220; text_text_color=&#8220;#97BE0D&#8220; text_font_size=&#8220;22px&#8220; text_line_height=&#8220;45px&#8220; text_orientation=&#8220;center&#8220; global_colors_info=&#8220;{}&#8220;]<\/p>\n<p>8.75\/10 von 162 gesammelten Meinungen<\/p>\n<p>[\/et_pb_text][et_pb_code _builder_version=&#8220;4.25.0&#8243; _module_preset=&#8220;default&#8220; global_colors_info=&#8220;{}&#8220;]<script><!-- [et_pb_line_break_holder] -->jQuery(function($){<!-- [et_pb_line_break_holder] -->  $('.slider-avis').slick({ <!-- [et_pb_line_break_holder] -->    autoplay: false,<!-- [et_pb_line_break_holder] -->  \tautoplaySpeed: 2000,<!-- [et_pb_line_break_holder] -->    infinite: true,<!-- [et_pb_line_break_holder] -->    slidesToShow: 3,<!-- [et_pb_line_break_holder] -->    arrows: true,<!-- [et_pb_line_break_holder] -->    centerMode: true,<!-- [et_pb_line_break_holder] -->    centerPadding: '0px',<!-- [et_pb_line_break_holder] -->    responsive: [<!-- [et_pb_line_break_holder] -->    {<!-- [et_pb_line_break_holder] -->      breakpoint: 820,<!-- [et_pb_line_break_holder] -->      settings: {<!-- [et_pb_line_break_holder] -->        centerMode: true,<!-- [et_pb_line_break_holder] -->        centerPadding: '0px',<!-- [et_pb_line_break_holder] -->        slidesToShow: 1<!-- [et_pb_line_break_holder] -->      }<!-- [et_pb_line_break_holder] -->    },<!-- [et_pb_line_break_holder] -->  ]<!-- [et_pb_line_break_holder] -->  });<!-- [et_pb_line_break_holder] -->});<!-- [et_pb_line_break_holder] --><\/script><!-- [et_pb_line_break_holder] --><!-- [et_pb_line_break_holder] --><\/p>\n<style><!-- [et_pb_line_break_holder] -->  .slick-prev, .slick-next {<!-- [et_pb_line_break_holder] -->    top: 38%!important;<!-- [et_pb_line_break_holder] -->    z-index: 999;<!-- [et_pb_line_break_holder] -->}<!-- [et_pb_line_break_holder] -->  @media (max-width: 480px) {<!-- [et_pb_line_break_holder] -->    .slider-avis .slick-next {<!-- [et_pb_line_break_holder] -->    right: -20px!important;<!-- [et_pb_line_break_holder] -->}<!-- [et_pb_line_break_holder] -->.slider-avis .slick-prev {<!-- [et_pb_line_break_holder] -->    left: -20px!important;<!-- [et_pb_line_break_holder] -->}<!-- [et_pb_line_break_holder] --><!-- [et_pb_line_break_holder] -->.slider-avis .slick-prev, .slider-avis .slick-next {<!-- [et_pb_line_break_holder] -->    top: 50%!important;<!-- [et_pb_line_break_holder] -->}<!-- [et_pb_line_break_holder] -->  }<!-- [et_pb_line_break_holder] -->  <!-- [et_pb_line_break_holder] -->.slider-avis .slick-prev {<!-- [et_pb_line_break_holder] -->    left: -40px;<!-- [et_pb_line_break_holder] -->}<!-- [et_pb_line_break_holder] -->.slider-avis .slick-next {<!-- [et_pb_line_break_holder] -->    right: -10px;<!-- [et_pb_line_break_holder] -->}<!-- [et_pb_line_break_holder] -->.slick-list.draggable {<!-- [et_pb_line_break_holder] -->    padding-top: 75px!important;<!-- [et_pb_line_break_holder] -->}<!-- [et_pb_line_break_holder] -->.slider-avis .slick-slide {<!-- [et_pb_line_break_holder] -->  transition: 0.3s all;<!-- [et_pb_line_break_holder] -->  transform: scale(0.8);<!-- [et_pb_line_break_holder] -->  background-color: #fff;<!-- [et_pb_line_break_holder] -->  opacity: 0.25;<!-- [et_pb_line_break_holder] -->}<!-- [et_pb_line_break_holder] -->.slider-avis .slick-slide.slick-current.slick-active.slick-center {<!-- [et_pb_line_break_holder] -->  z-index: 1;<!-- [et_pb_line_break_holder] -->}<!-- [et_pb_line_break_holder] -->.slider-avis .slick-slide.slick-current.slick-active.slick-center {<!-- [et_pb_line_break_holder] -->      transform: translateX(0) scale(1.2);<!-- [et_pb_line_break_holder] -->  opacity: 1;<!-- [et_pb_line_break_holder] -->}<!-- [et_pb_line_break_holder] -->  .slick-prev:before {<!-- [et_pb_line_break_holder] -->    content: '';<!-- [et_pb_line_break_holder] -->    background: url(\/wp-content\/themes\/beecom-child\/slick\/prev.png);<!-- [et_pb_line_break_holder] -->    width: 50px;<!-- [et_pb_line_break_holder] -->    height: 50px;<!-- [et_pb_line_break_holder] -->    position: absolute;<!-- [et_pb_line_break_holder] -->    display: flex;<!-- [et_pb_line_break_holder] -->    z-index: 9999!important;<!-- [et_pb_line_break_holder] -->    background-size: contain;<!-- [et_pb_line_break_holder] -->    border-radius: 30px;<!-- [et_pb_line_break_holder] -->}<!-- [et_pb_line_break_holder] -->    .slick-next:before {<!-- [et_pb_line_break_holder] -->    content: '';<!-- [et_pb_line_break_holder] -->    background: url(\/wp-content\/themes\/beecom-child\/slick\/next.png);<!-- [et_pb_line_break_holder] -->    width: 50px;<!-- [et_pb_line_break_holder] -->    height: 50px;<!-- [et_pb_line_break_holder] -->    position: absolute;<!-- [et_pb_line_break_holder] -->    display: flex;<!-- [et_pb_line_break_holder] -->    z-index: 9999!important;<!-- [et_pb_line_break_holder] -->    background-size: contain;<!-- [et_pb_line_break_holder] -->      border-radius: 30px;<!-- [et_pb_line_break_holder] -->}<!-- [et_pb_line_break_holder] -->.slider .slick-next {<!-- [et_pb_line_break_holder] -->    right: 15.5vw;<!-- [et_pb_line_break_holder] -->}<!-- [et_pb_line_break_holder] -->  .slick-prev:before, .slick-next:before {<!-- [et_pb_line_break_holder] -->    opacity: 1!important;<!-- [et_pb_line_break_holder] -->}<!-- [et_pb_line_break_holder] --><\/style>\n<p>[\/et_pb_code][\/et_pb_column][\/et_pb_row][et_pb_row custom_padding_last_edited=&#8220;on|tablet&#8220; _builder_version=&#8220;4.25.0&#8243; _module_preset=&#8220;default&#8220; max_width=&#8220;1440px&#8220; module_alignment=&#8220;center&#8220; custom_margin=&#8220;||||false|false&#8220; custom_padding=&#8220;||0px|||&#8220; custom_padding_tablet=&#8220;0px||0px||false|false&#8220; custom_padding_phone=&#8220;0px||0px||false|false&#8220; global_colors_info=&#8220;{}&#8220;][et_pb_column type=&#8220;4_4&#8243; module_class=&#8220;slider-avis&#8220; _builder_version=&#8220;4.23.1&#8243; _module_preset=&#8220;default&#8220; global_colors_info=&#8220;{}&#8220;][et_pb_text _builder_version=&#8220;4.27.4&#8243; _module_preset=&#8220;default&#8220; text_font=&#8220;Be Vietnam Pro||||||||&#8220; text_text_color=&#8220;#000000&#8243; text_font_size=&#8220;16px&#8220; text_line_height=&#8220;24px&#8220; background_color=&#8220;#FFFFFF&#8220; text_orientation=&#8220;center&#8220; max_width=&#8220;578px&#8220; max_width_tablet=&#8220;88%&#8220; max_width_phone=&#8220;88%&#8220; max_width_last_edited=&#8220;on|tablet&#8220; custom_padding=&#8220;30px|45px|30px|45px|true|true&#8220; custom_padding_tablet=&#8220;30px|40px|30px|40px|true|true&#8220; custom_padding_phone=&#8220;30px|40px|30px|40px|true|true&#8220; custom_padding_last_edited=&#8220;on|phone&#8220; text_font_size_tablet=&#8220;14px&#8220; text_font_size_phone=&#8220;14px&#8220; text_font_size_last_edited=&#8220;on|tablet&#8220; text_line_height_tablet=&#8220;20px&#8220; text_line_height_phone=&#8220;20px&#8220; text_line_height_last_edited=&#8220;on|tablet&#8220; border_radii=&#8220;on|15px|15px|15px|15px&#8220; box_shadow_style=&#8220;preset1&#8243; box_shadow_vertical=&#8220;0px&#8220; box_shadow_blur=&#8220;20px&#8220; box_shadow_color=&#8220;rgba(0,0,0,0.1)&#8220; box_shadow_blur_tablet=&#8220;0px&#8220; box_shadow_blur_phone=&#8220;0px&#8220; box_shadow_blur_last_edited=&#8220;on|tablet&#8220; global_colors_info=&#8220;{}&#8220;]<\/p>\n<div style=\"color: #ffd100; font-size: 30px; margin-bottom: 50px;\">\u2605\u2605\u2605\u2605\u2605<\/div>\n<p style=\"margin-bottom: 50px;\">Sch\u00f6ner und ruhiger Familiencampingplatz mit \u00fcberschaubarer Gr\u00f6\u00dfe, die Eigent\u00fcmer sind wirklich sehr nett und k\u00fcmmern sich um unsere Bed\u00fcrfnisse. Eine tolle Rutsche und eine sehr gute und angenehme Snackbar mit einer sch\u00f6nen \u00fcberdachten Terrasse. Der neue Bouleplatz ist sehr sch\u00f6n und die Stellpl\u00e4tze sind sch\u00f6n angelegt und mit B\u00e4umen bepflanzt. Man f\u00fchlt sich sehr schnell wie im Urlaub und kann sich gut erholen. Vielen Dank. Wir werden wiederkommen.<br \/>B\u00e9n\u00e9dicte und Lionel     <\/p>\n<div style=\"font-size: 14px;\">B\u00e9n\u00e9dicte | August 2024 | Bewertet mit 5\/5<\/div>\n<p>[\/et_pb_text][et_pb_text _builder_version=&#8220;4.27.4&#8243; _module_preset=&#8220;default&#8220; text_font=&#8220;Be Vietnam Pro||||||||&#8220; text_text_color=&#8220;#000000&#8243; text_font_size=&#8220;16px&#8220; text_line_height=&#8220;24px&#8220; background_color=&#8220;#FFFFFF&#8220; text_orientation=&#8220;center&#8220; max_width=&#8220;578px&#8220; max_width_tablet=&#8220;88%&#8220; max_width_phone=&#8220;88%&#8220; max_width_last_edited=&#8220;on|tablet&#8220; custom_padding=&#8220;30px|45px|30px|45px|true|true&#8220; custom_padding_tablet=&#8220;30px|40px|30px|40px|true|true&#8220; custom_padding_phone=&#8220;30px|40px|30px|40px|true|true&#8220; custom_padding_last_edited=&#8220;on|phone&#8220; text_font_size_tablet=&#8220;14px&#8220; text_font_size_phone=&#8220;14px&#8220; text_font_size_last_edited=&#8220;on|tablet&#8220; text_line_height_tablet=&#8220;20px&#8220; text_line_height_phone=&#8220;20px&#8220; text_line_height_last_edited=&#8220;on|tablet&#8220; border_radii=&#8220;on|15px|15px|15px|15px&#8220; box_shadow_style=&#8220;preset1&#8243; box_shadow_vertical=&#8220;0px&#8220; box_shadow_blur=&#8220;20px&#8220; box_shadow_color=&#8220;rgba(0,0,0,0.1)&#8220; box_shadow_blur_tablet=&#8220;0px&#8220; box_shadow_blur_phone=&#8220;0px&#8220; box_shadow_blur_last_edited=&#8220;on|tablet&#8220; global_colors_info=&#8220;{}&#8220;]<\/p>\n<div style=\"color: #ffd100; font-size: 30px; margin-bottom: 50px;\">\u2605\u2605\u2605\u2605\u2605<\/div>\n<p style=\"margin-bottom: 50px;\">Zum zweiten Mal (das erste Mal im Zelt, jetzt im umgebauten Van) mit unserer 3,5-j\u00e4hrigen Tochter.<br \/>Immer wieder sch\u00f6n! Schattiger Platz, supersaubere Sanit\u00e4ranlagen, wir sch\u00e4tzen die Kindertoilette und die Familiendusche, wo es eine Kinderdusche gibt. Der Pool hat jetzt eine gro\u00dfe Rutsche. Sie hat sich ausgetobt! Am Abend ist es ruhig. Das Personal ist sehr freundlich. Es gibt viel zu tun in der Gegend. Wir werden auf jeden Fall wiederkommen!       <\/p>\n<div style=\"font-size: 14px;\">Axelle | Juli 2024 | Bewertet mit 5\/5<\/div>\n<p>[\/et_pb_text][et_pb_text _builder_version=&#8220;4.27.4&#8243; _module_preset=&#8220;default&#8220; text_font=&#8220;Be Vietnam Pro||||||||&#8220; text_text_color=&#8220;#000000&#8243; text_font_size=&#8220;16px&#8220; text_line_height=&#8220;24px&#8220; background_color=&#8220;#FFFFFF&#8220; text_orientation=&#8220;center&#8220; max_width=&#8220;578px&#8220; max_width_tablet=&#8220;88%&#8220; max_width_phone=&#8220;88%&#8220; max_width_last_edited=&#8220;on|tablet&#8220; custom_padding=&#8220;30px|45px|30px|45px|true|true&#8220; custom_padding_tablet=&#8220;30px|40px|30px|40px|true|true&#8220; custom_padding_phone=&#8220;30px|40px|30px|40px|true|true&#8220; custom_padding_last_edited=&#8220;on|phone&#8220; text_font_size_tablet=&#8220;14px&#8220; text_font_size_phone=&#8220;14px&#8220; text_font_size_last_edited=&#8220;on|tablet&#8220; text_line_height_tablet=&#8220;20px&#8220; text_line_height_phone=&#8220;20px&#8220; text_line_height_last_edited=&#8220;on|tablet&#8220; border_radii=&#8220;on|15px|15px|15px|15px&#8220; box_shadow_style=&#8220;preset1&#8243; box_shadow_vertical=&#8220;0px&#8220; box_shadow_blur=&#8220;20px&#8220; box_shadow_color=&#8220;rgba(0,0,0,0.1)&#8220; box_shadow_blur_tablet=&#8220;0px&#8220; box_shadow_blur_phone=&#8220;0px&#8220; box_shadow_blur_last_edited=&#8220;on|tablet&#8220; global_colors_info=&#8220;{}&#8220;]<\/p>\n<div style=\"color: #ffd100; font-size: 30px; margin-bottom: 50px;\">\u2605\u2605\u2605\u2605\u2605<\/div>\n<p style=\"margin-bottom: 50px;\">Wir haben gerade den Campingplatz nach 15 Tagen in einem provenzalischen Mobilheim verlassen. Was soll ich sagen? Ein ruhiger, schattiger und ruhiger Campingplatz mit freundlichen Betreibern. Unsere Kinder hatten viel Spa\u00df und da der Campingplatz \u00fcberschaubar ist, konnten wir sie in Ruhe mit den Strukturen spielen lassen. Wir werden gerne wiederkommen!    <\/p>\n<div style=\"font-size: 14px;\">Elodie | August 2024 | Bewertet mit 5\/5<\/div>\n<p>[\/et_pb_text][et_pb_text admin_label=&#8220;Texte&#8220; _builder_version=&#8220;4.27.4&#8243; _module_preset=&#8220;default&#8220; text_font=&#8220;Be Vietnam Pro||||||||&#8220; text_text_color=&#8220;#000000&#8243; text_font_size=&#8220;16px&#8220; text_line_height=&#8220;24px&#8220; background_color=&#8220;#FFFFFF&#8220; text_orientation=&#8220;center&#8220; max_width=&#8220;578px&#8220; max_width_tablet=&#8220;88%&#8220; max_width_phone=&#8220;88%&#8220; max_width_last_edited=&#8220;on|tablet&#8220; custom_padding=&#8220;30px|45px|30px|45px|true|true&#8220; custom_padding_tablet=&#8220;30px|40px|30px|40px|true|true&#8220; custom_padding_phone=&#8220;30px|40px|30px|40px|true|true&#8220; custom_padding_last_edited=&#8220;on|phone&#8220; text_font_size_tablet=&#8220;14px&#8220; text_font_size_phone=&#8220;14px&#8220; text_font_size_last_edited=&#8220;on|tablet&#8220; text_line_height_tablet=&#8220;20px&#8220; text_line_height_phone=&#8220;20px&#8220; text_line_height_last_edited=&#8220;on|tablet&#8220; border_radii=&#8220;on|15px|15px|15px|15px&#8220; box_shadow_style=&#8220;preset1&#8243; box_shadow_vertical=&#8220;0px&#8220; box_shadow_blur=&#8220;20px&#8220; box_shadow_color=&#8220;rgba(0,0,0,0.1)&#8220; box_shadow_blur_tablet=&#8220;0px&#8220; box_shadow_blur_phone=&#8220;0px&#8220; box_shadow_blur_last_edited=&#8220;on|tablet&#8220; global_colors_info=&#8220;{}&#8220;]<\/p>\n<div style=\"color: #ffd100; font-size: 30px; margin-bottom: 50px;\">\u2605\u2605\u2605\u2605\u2605<\/div>\n<p style=\"margin-bottom: 50px;\">Idealer Urlaubsort in einer ruhigen und erholsamen Gegend.<br \/>Sehr herzlicher Empfang ..Sehr l\u00e4chelnde Manager.<br \/>Sehr sauberer Campingplatz (Danke \u00fcbrigens f\u00fcr das L\u00e4cheln und den Mut von \u00c9lodie jeden Morgen\ud83d\ude09). Die beiden Swimmingpools bieten Entspannung f\u00fcr Gro\u00df und Klein. Wir waren in einem Tipi untergebracht, diese Unterkunft war f\u00fcr uns drei sehr gut eingerichtet. Die Simioune, wir werden wiederkommen&#8230;wie selbstverst\u00e4ndlich\ud83d\ude1a.   <\/p>\n<div style=\"font-size: 14px;\">Karine | August 2024 | Bewertet mit 5\/5<\/div>\n<p>[\/et_pb_text][\/et_pb_column][\/et_pb_row][et_pb_row admin_label=&#8220;Linie&#8220; _builder_version=&#8220;4.24.2&#8243; _module_preset=&#8220;default&#8220; custom_padding=&#8220;0px||0px||true|false&#8220; global_colors_info=&#8220;{}&#8220;][et_pb_column type=&#8220;4_4&#8243; _builder_version=&#8220;4.23.1&#8243; _module_preset=&#8220;default&#8220; custom_css_main_element=&#8220;display: flex;||justify-content: center;&#8220; global_colors_info=&#8220;{}&#8220;][et_pb_button button_url=&#8220;https:\/\/www.google.com\/travel\/search?gsas=1&amp;ts=EggKAggDCgIIAxocEhoSFAoHCOgPEAUYEhIHCOgPEAUYFBgCMgIQAA&amp;qs=MhRDZ3NJMmY2dGotWHBscFNGQVJBQjgC&amp;ap=ugEHcmV2aWV3cw&amp;client=safari&amp;biw=1440&amp;bih=820&amp;hl=fr-FR&amp;ved=0CAAQ5JsGahcKEwjYq5ekjvuFAxUAAAAAHQAAAAAQBQ&#8220; button_text=&#8220;Siehe die Stellungnahmen&#8220; button_alignment_tablet=&#8220;center&#8220; button_alignment_phone=&#8220;center&#8220; button_alignment_last_edited=&#8220;on|tablet&#8220; admin_label=&#8220;Bouton&#8220; _builder_version=&#8220;4.25.0&#8243; _module_preset=&#8220;default&#8220; custom_button=&#8220;on&#8220; button_text_size=&#8220;15px&#8220; button_text_color=&#8220;#97BE0D&#8220; button_border_width=&#8220;1px&#8220; button_border_color=&#8220;#97BE0D&#8220; button_border_radius=&#8220;33px&#8220; button_font=&#8220;Lato|||on|||||&#8220; button_use_icon=&#8220;off&#8220; custom_padding=&#8220;12px|18px|12px|18px|true|true&#8220; global_colors_info=&#8220;{}&#8220; button_text_color__hover_enabled=&#8220;on|hover&#8220; button_text_color__hover=&#8220;#FFFFFF&#8220; button_bg_color__hover_enabled=&#8220;on|hover&#8220; button_bg_color__hover=&#8220;#97BE0D&#8220; button_bg_enable_color__hover=&#8220;on&#8220;]<br \/>\n[\/et_pb_button][\/et_pb_column][\/et_pb_row][\/et_pb_section][et_pb_section fb_built=&#8220;1&#8243; custom_padding_last_edited=&#8220;on|tablet&#8220; admin_label=&#8220;Aux Alentours&#8220; _builder_version=&#8220;4.25.0&#8243; _module_preset=&#8220;default&#8220; background_enable_color=&#8220;off&#8220; custom_padding=&#8220;100px||100px||false|false&#8220; custom_padding_tablet=&#8220;60px||60px||false|false&#8220; custom_padding_phone=&#8220;60px||60px||false|false&#8220; locked=&#8220;off&#8220; collapsed=&#8220;off&#8220; global_colors_info=&#8220;{}&#8220;][et_pb_row column_structure=&#8220;1_2,1_2&#8243; use_custom_gutter=&#8220;on&#8220; gutter_width=&#8220;2&#8243; _builder_version=&#8220;4.25.0&#8243; _module_preset=&#8220;default&#8220; max_width=&#8220;1440px&#8220; custom_padding=&#8220;0px||0px||true|false&#8220; global_colors_info=&#8220;{}&#8220;][et_pb_column type=&#8220;1_2&#8243; _builder_version=&#8220;4.25.0&#8243; _module_preset=&#8220;default&#8220; global_colors_info=&#8220;{}&#8220;][et_pb_text _builder_version=&#8220;4.27.5&#8243; _module_preset=&#8220;default&#8220; header_2_font=&#8220;Poppins|600|||||||&#8220; header_2_text_align=&#8220;left&#8220; header_2_text_color=&#8220;#97BE0D&#8220; header_2_font_size=&#8220;32px&#8220; header_2_line_height=&#8220;40px&#8220; module_alignment=&#8220;center&#8220; custom_margin=&#8220;||20px||false|false&#8220; header_2_text_align_tablet=&#8220;left&#8220; header_2_text_align_phone=&#8220;center&#8220; header_2_text_align_last_edited=&#8220;on|phone&#8220; global_colors_info=&#8220;{}&#8220;]<\/p>\n<h2>Was k\u00f6nnen Sie w\u00e4hrend Ihres Aufenthalts auf unserem Campingplatz im Rh\u00f4ne-Tal unternehmen?<\/h2>\n<p>[\/et_pb_text][et_pb_text module_class=&#8220;content_links&#8220; _builder_version=&#8220;4.27.5&#8243; _module_preset=&#8220;default&#8220; text_font=&#8220;Be Vietnam Pro||||||||&#8220; text_text_color=&#8220;#012d3b&#8220; text_font_size=&#8220;15px&#8220; text_line_height=&#8220;25px&#8220; header_3_font=&#8220;Quicksand||||||||&#8220; header_3_text_color=&#8220;#003E52&#8243; header_3_line_height=&#8220;28px&#8220; max_width=&#8220;580px&#8220; text_orientation_tablet=&#8220;&#8220; text_orientation_phone=&#8220;center&#8220; text_orientation_last_edited=&#8220;on|phone&#8220; global_colors_info=&#8220;{}&#8220;]<\/p>\n<p>Ein <strong>Campingurlaub im Rh\u00f4netal<\/strong> ist ein Reiseziel, an dem es zwischen Kulturerbe, Natur und Gastronomie viel zu entdecken gibt. Von unserem Campingplatz aus sind viele Sehensw\u00fcrdigkeiten schnell zu erreichen: <\/p>\n<p>[\/et_pb_text][et_pb_text _builder_version=&#8220;4.27.5&#8243; _module_preset=&#8220;default&#8220; text_font=&#8220;Poppins||||||||&#8220; text_text_color=&#8220;#383838&#8243; text_font_size=&#8220;15px&#8220; text_line_height=&#8220;25px&#8220; custom_margin=&#8220;||0px||false|false&#8220; custom_padding=&#8220;10px||5px||false|false&#8220; border_width_bottom=&#8220;1px&#8220; border_color_bottom=&#8220;#97BE0D&#8220; global_colors_info=&#8220;{}&#8220;]<\/p>\n<p><strong>Orange und sein antikes Theater (17 km)<\/strong>: Dieses au\u00dfergew\u00f6hnliche Monument wurde in die UNESCO-Liste aufgenommen und bietet Auff\u00fchrungen und Konzerte in einem einzigartigen historischen Rahmen im Herzen des <a href=\"https:\/\/www.la-simioune.fr\/de\/rhone-tal-aktivitaetsfuehrer\/\">Rh\u00f4ne-Tals<\/a>.<\/p>\n<p>[\/et_pb_text][et_pb_text _builder_version=&#8220;4.27.5&#8243; _module_preset=&#8220;default&#8220; text_font=&#8220;Poppins||||||||&#8220; text_text_color=&#8220;#383838&#8243; text_font_size=&#8220;15px&#8220; text_line_height=&#8220;25px&#8220; custom_margin=&#8220;||0px||false|false&#8220; custom_padding=&#8220;10px||5px||false|false&#8220; border_width_bottom=&#8220;1px&#8220; border_color_bottom=&#8220;#97BE0D&#8220; global_colors_info=&#8220;{}&#8220;]<\/p>\n<p><strong>Vaison-la-Romaine (23 km)<\/strong>: ber\u00fchmt f\u00fcr seine gallo-r\u00f6mischen Ausgrabungen, seine antike Br\u00fccke und seine provenzalischen Gassen, ideal f\u00fcr einen Tag, der Kultur und Bummeln miteinander verbindet.<\/p>\n<p>[\/et_pb_text][et_pb_text _builder_version=&#8220;4.27.5&#8243; _module_preset=&#8220;default&#8220; text_font=&#8220;Poppins||||||||&#8220; text_text_color=&#8220;#383838&#8243; text_font_size=&#8220;15px&#8220; text_line_height=&#8220;25px&#8220; custom_margin=&#8220;||0px||false|false&#8220; custom_padding=&#8220;10px||5px||false|false&#8220; border_width_bottom=&#8220;1px&#8220; border_color_bottom=&#8220;#97BE0D&#8220; global_colors_info=&#8220;{}&#8220;]<\/p>\n<p><strong>Avignon (39 km)<\/strong>: Entdecken Sie den Papstpalast, die ber\u00fchmte Br\u00fccke von Avignon und die Stadtmauern, unumg\u00e4ngliche Symbole des Kulturerbes des Rh\u00f4netals.<\/p>\n<p>[\/et_pb_text][et_pb_text _builder_version=&#8220;4.27.5&#8243; _module_preset=&#8220;default&#8220; text_font=&#8220;Poppins||||||||&#8220; text_text_color=&#8220;#383838&#8243; text_font_size=&#8220;15px&#8220; text_line_height=&#8220;25px&#8220; custom_margin=&#8220;||0px||false|false&#8220; custom_padding=&#8220;10px||5px||false|false&#8220; border_width_bottom=&#8220;1px&#8220; border_color_bottom=&#8220;#97BE0D&#8220; global_colors_info=&#8220;{}&#8220;]<\/p>\n<p><strong>La Garde-Adh\u00e9mar (11 km)<\/strong>: Ein wundersch\u00f6nes, hochgelegenes Dorf in der provenzalischen Dr\u00f4me, das zu den sch\u00f6nsten D\u00f6rfern Frankreichs z\u00e4hlt und Panoramen und authentischen Charme bietet.<\/p>\n<p>[\/et_pb_text][et_pb_text _builder_version=&#8220;4.27.5&#8243; _module_preset=&#8220;default&#8220; text_font=&#8220;Poppins||||||||&#8220; text_text_color=&#8220;#383838&#8243; text_font_size=&#8220;15px&#8220; text_line_height=&#8220;25px&#8220; custom_margin=&#8220;||0px||false|false&#8220; custom_padding=&#8220;10px||5px||false|false&#8220; border_width_bottom=&#8220;1px&#8220; border_color_bottom=&#8220;#97BE0D&#8220; global_colors_info=&#8220;{}&#8220;]<\/p>\n<p><strong>Vallon-Pont-d&#8217;Arc und die Schluchten der Ard\u00e8che (50 km)<\/strong>: Ideales Ziel f\u00fcr Kanufahrten, Schwimmen und die spektakul\u00e4re Naturlandschaft in der N\u00e4he des Campingplatzes.<\/p>\n<p>[\/et_pb_text][et_pb_text _builder_version=&#8220;4.27.5&#8243; _module_preset=&#8220;default&#8220; text_font=&#8220;Poppins||||||||&#8220; text_text_color=&#8220;#383838&#8243; text_font_size=&#8220;15px&#8220; text_line_height=&#8220;25px&#8220; custom_margin=&#8220;||34px||false|false&#8220; custom_padding=&#8220;10px||5px||false|false&#8220; border_width_bottom=&#8220;1px&#8220; border_color_bottom=&#8220;#97BE0D&#8220; global_colors_info=&#8220;{}&#8220;]<\/p>\n<p>Zwischen kulturellen Entdeckungen, gesch\u00fctzter Natur und Gaumenfreuden verspricht Ihnen das <a href=\"https:\/\/www.la-simioune.fr\/vallee-du-rhone\/\">Rh\u00f4ne-Tal<\/a> einen <strong>Urlaub voller Erfahrungen und unvergesslicher Erinnerungen.<\/strong><\/p>\n<p>[\/et_pb_text][et_pb_button button_url=&#8220;https:\/\/www.la-simioune.fr\/de\/entdecken-sie-die-region\/&#8220; button_text=&#8220;Entdecken Sie die Region&#8220; _builder_version=&#8220;4.27.3&#8243; _module_preset=&#8220;default&#8220; custom_button=&#8220;on&#8220; button_text_size=&#8220;15px&#8220; button_text_color=&#8220;#97BE0D&#8220; button_border_width=&#8220;1px&#8220; button_border_color=&#8220;#97BE0D&#8220; button_border_radius=&#8220;33px&#8220; button_font=&#8220;Lato|||on|||||&#8220; button_use_icon=&#8220;off&#8220; custom_padding=&#8220;12px|18px|12px|18px|true|true&#8220; global_colors_info=&#8220;{}&#8220; button_text_color__hover_enabled=&#8220;on|hover&#8220; button_text_color__hover=&#8220;#FFFFFF&#8220; button_bg_color__hover_enabled=&#8220;on|hover&#8220; button_bg_color__hover=&#8220;#97BE0D&#8220; button_bg_enable_color__hover=&#8220;on&#8220;]<br \/>\n[\/et_pb_button][\/et_pb_column][et_pb_column type=&#8220;1_2&#8243; _builder_version=&#8220;4.25.0&#8243; _module_preset=&#8220;default&#8220; global_colors_info=&#8220;{}&#8220;][et_pb_slider dot_nav_custom_color=&#8220;#97BE0D&#8220; module_class=&#8220;slider-img-right&#8220; _builder_version=&#8220;4.25.0&#8243; _module_preset=&#8220;default&#8220; overflow-x=&#8220;visible&#8220; overflow-y=&#8220;visible&#8220; custom_css_slide_controllers=&#8220;position: absolute;||bottom: -50px;&#8220; global_colors_info=&#8220;{}&#8220;][et_pb_slide _builder_version=&#8220;4.25.0&#8243; _module_preset=&#8220;default&#8220; background_color=&#8220;RGBA(255,255,255,0)&#8220; background_enable_color=&#8220;on&#8220; background_image=&#8220;https:\/\/www.la-simioune.fr\/wp-content\/uploads\/2024\/05\/chateau-grignan.jpg&#8220; background_enable_image=&#8220;on&#8220; custom_padding=&#8220;350px|0px|350px|0px|true|true&#8220; custom_css_main_element=&#8220;padding: 0px!important;||border-radius: 50px!important;&#8220; global_colors_info=&#8220;{}&#8220; sticky_transition=&#8220;on&#8220;][\/et_pb_slide][et_pb_slide _builder_version=&#8220;4.25.0&#8243; _module_preset=&#8220;default&#8220; background_color=&#8220;RGBA(255,255,255,0)&#8220; background_enable_color=&#8220;on&#8220; background_image=&#8220;https:\/\/www.la-simioune.fr\/wp-content\/uploads\/2024\/05\/mont-ventoux.jpg&#8220; background_enable_image=&#8220;on&#8220; custom_padding=&#8220;350px|0px|350px|0px|true|true&#8220; custom_css_main_element=&#8220;padding: 0px!important;||border-radius: 50px!important;&#8220; global_colors_info=&#8220;{}&#8220; sticky_transition=&#8220;on&#8220;][\/et_pb_slide][et_pb_slide _builder_version=&#8220;4.25.0&#8243; _module_preset=&#8220;default&#8220; background_color=&#8220;RGBA(255,255,255,0)&#8220; background_enable_color=&#8220;on&#8220; background_image=&#8220;https:\/\/www.la-simioune.fr\/wp-content\/uploads\/2024\/05\/pont-darc.jpg&#8220; background_enable_image=&#8220;on&#8220; custom_padding=&#8220;350px|0px|350px|0px|true|true&#8220; custom_css_main_element=&#8220;padding: 0px!important;||border-radius: 50px!important;&#8220; global_colors_info=&#8220;{}&#8220; sticky_transition=&#8220;on&#8220;][\/et_pb_slide][et_pb_slide _builder_version=&#8220;4.25.0&#8243; _module_preset=&#8220;default&#8220; background_color=&#8220;RGBA(255,255,255,0)&#8220; background_enable_color=&#8220;on&#8220; background_image=&#8220;https:\/\/www.la-simioune.fr\/wp-content\/uploads\/2024\/05\/theatre-antique.jpg&#8220; background_enable_image=&#8220;on&#8220; custom_padding=&#8220;350px|0px|350px|0px|true|true&#8220; custom_css_main_element=&#8220;padding: 0px!important;||border-radius: 50px!important;&#8220; global_colors_info=&#8220;{}&#8220; sticky_transition=&#8220;on&#8220;][\/et_pb_slide][\/et_pb_slider][\/et_pb_column][\/et_pb_row][\/et_pb_section][et_pb_section fb_built=&#8220;1&#8243; admin_label=&#8220;FAQ&#8220; module_id=&#8220;faq&#8220; _builder_version=&#8220;4.27.5&#8243; _module_preset=&#8220;default&#8220; background_color=&#8220;#e5ecee&#8220; transform_translate_linked=&#8220;off&#8220; z_index=&#8220;9999&#8243; custom_margin=&#8220;||100px||false|false&#8220; custom_margin_tablet=&#8220;||50px||false|false&#8220; custom_margin_phone=&#8220;||50px||false|false&#8220; custom_margin_last_edited=&#8220;on|tablet&#8220; custom_padding=&#8220;||||false|false&#8220; bottom_divider_color=&#8220;rgba(102,194,235,0.1)&#8220; bottom_divider_flip=&#8220;vertical&#8220; saved_tabs=&#8220;all&#8220; locked=&#8220;off&#8220; collapsed=&#8220;off&#8220; global_colors_info=&#8220;{}&#8220;][et_pb_row admin_label=&#8220;Linie&#8220; _builder_version=&#8220;4.27.5&#8243; _module_preset=&#8220;default&#8220; global_colors_info=&#8220;{}&#8220;][et_pb_column type=&#8220;4_4&#8243; _builder_version=&#8220;4.22.1&#8243; _module_preset=&#8220;default&#8220; global_colors_info=&#8220;{}&#8220;][et_pb_text admin_label=&#8220;Texte&#8220; _builder_version=&#8220;4.27.5&#8243; _module_preset=&#8220;default&#8220; text_font=&#8220;Poppins||||||||&#8220; text_text_color=&#8220;#004259&#8243; text_font_size=&#8220;42px&#8220; text_line_height=&#8220;1.8em&#8220; header_font=&#8220;||||||||&#8220; header_text_align=&#8220;left&#8220; header_3_font=&#8220;Aleo|700|||||||&#8220; header_3_text_align=&#8220;left&#8220; header_3_text_color=&#8220;#002F4B&#8220; header_3_font_size=&#8220;36px&#8220; header_3_line_height=&#8220;42px&#8220; custom_margin=&#8220;||38px||false|false&#8220; custom_margin_tablet=&#8220;||38px||false|false&#8220; custom_margin_phone=&#8220;||10px||false|false&#8220; custom_margin_last_edited=&#8220;on|phone&#8220; header_3_text_align_tablet=&#8220;center&#8220; header_3_text_align_phone=&#8220;center&#8220; header_3_text_align_last_edited=&#8220;on|phone&#8220; header_3_font_size_tablet=&#8220;36px&#8220; header_3_font_size_phone=&#8220;32px&#8220; header_3_font_size_last_edited=&#8220;on|phone&#8220; header_3_line_height_tablet=&#8220;42px&#8220; header_3_line_height_phone=&#8220;40px&#8220; header_3_line_height_last_edited=&#8220;on|phone&#8220; global_colors_info=&#8220;{}&#8220;]<\/p>\n<h2>FAQ &#8211; Haben Sie eine Frage zu unserem Campingplatz im Rh\u00f4ne-Tal?<\/h2>\n<p>[\/et_pb_text][et_pb_accordion open_toggle_text_color=&#8220;#002F4B&#8220; open_toggle_background_color=&#8220;RGBA(255,255,255,0)&#8220; closed_toggle_background_color=&#8220;RGBA(255,255,255,0)&#8220; icon_color=&#8220;#003E52&#8243; admin_label=&#8220;Accord\u00e9on&#8220; module_class=&#8220;faq_accordeon&#8220; _builder_version=&#8220;4.27.5&#8243; _module_preset=&#8220;default&#8220; toggle_text_color=&#8220;#002F4B&#8220; toggle_level=&#8220;h3&#8243; toggle_font=&#8220;Poppins|500|||||||&#8220; toggle_font_size=&#8220;22px&#8220; toggle_line_height=&#8220;30px&#8220; closed_toggle_font=&#8220;Poppins||||||||&#8220; body_text_color=&#8220;#003E52&#8243; body_font_size=&#8220;15px&#8220; body_line_height=&#8220;25px&#8220; custom_margin=&#8220;||||false|false&#8220; toggle_text_align_tablet=&#8220;center&#8220; toggle_text_align_phone=&#8220;left&#8220; toggle_text_align_last_edited=&#8220;on|phone&#8220; toggle_font_size_tablet=&#8220;22px&#8220; toggle_font_size_phone=&#8220;18px&#8220; toggle_font_size_last_edited=&#8220;on|phone&#8220; toggle_line_height_tablet=&#8220;30px&#8220; toggle_line_height_phone=&#8220;27.8px&#8220; toggle_line_height_last_edited=&#8220;on|phone&#8220; body_text_align_tablet=&#8220;center&#8220; body_text_align_phone=&#8220;center&#8220; body_text_align_last_edited=&#8220;on|phone&#8220; text_orientation_tablet=&#8220;&#8220; text_orientation_phone=&#8220;center&#8220; text_orientation_last_edited=&#8220;on|phone&#8220; border_width_all=&#8220;0px&#8220; border_width_bottom=&#8220;1px&#8220; border_color_bottom=&#8220;#cfcfcf&#8220; global_colors_info=&#8220;{}&#8220;][et_pb_accordion_item title=&#8220;Welche Unterk\u00fcnfte gibt es auf unserem Campingplatz im Rh\u00f4ne-Tal?&#8220; open=&#8220;on&#8220; icon_color=&#8220;#003E52&#8243; toggle_icon=&#8220;&#x4c;||divi||400&#8243; _builder_version=&#8220;4.27.5&#8243; _module_preset=&#8220;default&#8220; custom_margin=&#8220;||0px||false|false&#8220; custom_padding=&#8220;||15px|0px|false|false&#8220; global_colors_info=&#8220;{}&#8220; toggle_level=&#8220;h3&#8243;]<\/p>\n<p>Unser <a href=\"https:\/\/www.la-simioune.fr\/de\/preise\/\">g\u00fcnstiger Campingplatz im Vaucluse<\/a> bietet eine <strong>gro\u00dfe Auswahl an Unterk\u00fcnften f\u00fcr jeden Geschmack<\/strong>: komplett ausgestattete Mobilheime, komfortable H\u00fctten, ungew\u00f6hnliche Unterk\u00fcnfte sowie ger\u00e4umige Stellpl\u00e4tze f\u00fcr Zelte, Wohnwagen und Wohnmobile. Jede L\u00f6sung erm\u00f6glicht Ihnen einen ruhigen Aufenthalt in einer nat\u00fcrlichen Umgebung zwischen der Provence, der Dr\u00f4me und der Ard\u00e8che. <\/p>\n<p>[\/et_pb_accordion_item][et_pb_accordion_item title=&#8220;Welche Aktivit\u00e4ten und Veranstaltungen gibt es auf dem Campingplatz La Simioune?&#8220; icon_color=&#8220;#003E52&#8243; toggle_icon=&#8220;&#x4c;||divi||400&#8243; _builder_version=&#8220;4.27.5&#8243; _module_preset=&#8220;default&#8220; custom_margin=&#8220;||0px||false|false&#8220; custom_padding=&#8220;||15px|0px|false|false&#8220; global_colors_info=&#8220;{}&#8220; toggle_level=&#8220;h3&#8243; open=&#8220;off&#8220;]<\/p>\n<p>Der Campingplatz bietet <strong>zahlreiche Aktivit\u00e4ten f\u00fcr Gro\u00df und Klein<\/strong>: Wasserpark mit Pools und Rutschen, Kinderspielplatz, Tischtennisplatten, Tischfu\u00dfball, Bouleplatz und Fu\u00dfballk\u00e4fige. In der Saison werden Konzertabende veranstaltet, um die freundliche und famili\u00e4re Atmosph\u00e4re des Campingplatzes zu vervollst\u00e4ndigen. <\/p>\n<p>[\/et_pb_accordion_item][et_pb_accordion_item title=&#8220;Ist unser Campingplatz im Rh\u00f4ne-Tal f\u00fcr einen Familienurlaub im Rh\u00f4ne-Tal geeignet?&#8220; icon_color=&#8220;#003E52&#8243; toggle_icon=&#8220;&#x4c;||divi||400&#8243; _builder_version=&#8220;4.27.5&#8243; _module_preset=&#8220;default&#8220; custom_margin=&#8220;||0px||false|false&#8220; custom_padding=&#8220;||15px|0px|false|false&#8220; global_colors_info=&#8220;{}&#8220; toggle_level=&#8220;h3&#8243; open=&#8220;off&#8220;]<\/p>\n<p>Ja, unser <strong>Campingplatz im Rh\u00f4ne-Tal<\/strong> ist besonders f\u00fcr Familien geeignet, da er \u00fcber eine spielerische Infrastruktur, ein Familienschwimmbad, Spielpl\u00e4tze und eine \u00fcberschaubare Atmosph\u00e4re verf\u00fcgt. Dank seiner idealen Lage k\u00f6nnen Sie die Sehensw\u00fcrdigkeiten des Rh\u00f4netals leicht entdecken und gleichzeitig von einer ruhigen und sicheren Umgebung profitieren. <\/p>\n<p>[\/et_pb_accordion_item][et_pb_accordion_item title=&#8220;Welche Dienstleistungen werden auf unserem Campingplatz im Rh\u00f4ne-Tal f\u00fcr einen komfortablen Aufenthalt angeboten?&#8220; icon_color=&#8220;#003E52&#8243; toggle_icon=&#8220;&#x4c;||divi||400&#8243; _builder_version=&#8220;4.27.5&#8243; _module_preset=&#8220;default&#8220; custom_margin=&#8220;||0px||false|false&#8220; custom_padding=&#8220;||15px|0px|false|false&#8220; global_colors_info=&#8220;{}&#8220; toggle_level=&#8220;h3&#8243; open=&#8220;off&#8220;]<\/p>\n<p>Unser <strong>Campingplatz im Rh\u00f4ne-Tal<\/strong> bietet zahlreiche Serviceleistungen, um Ihren Aufenthalt zu erleichtern: Restaurant und Imbiss, Bar, Brot- und Geb\u00e4ckverkauf, kostenloser WLAN-Zugang, gepflegte Sanit\u00e4ranlagen, Waschmaschinen und Grillpl\u00e4tze. Alles ist so konzipiert, dass Sie einen <strong>praktischen und geselligen Urlaub im Herzen der Vaucluse<\/strong> verbringen k\u00f6nnen. <\/p>\n<p>[\/et_pb_accordion_item][et_pb_accordion_item title=&#8220;Warum sollten Sie auf unserem Campingplatz La Simioune \u00fcbernachten, um das Rh\u00f4ne-Tal zu entdecken?&#8220; icon_color=&#8220;#003E52&#8243; toggle_icon=&#8220;&#x4c;||divi||400&#8243; _builder_version=&#8220;4.27.5&#8243; _module_preset=&#8220;default&#8220; custom_margin=&#8220;||0px||false|false&#8220; custom_padding=&#8220;||15px|0px|false|false&#8220; global_colors_info=&#8220;{}&#8220; toggle_level=&#8220;h3&#8243; open=&#8220;off&#8220;]<\/p>\n<p>Unser Campingplatz hat eine <strong>ideale Lage in Boll\u00e8ne<\/strong>, an der Kreuzung von Vaucluse, Dr\u00f4me Proven\u00e7ale und Ard\u00e8che. Von hier aus k\u00f6nnen Sie leicht die hochgelegenen D\u00f6rfer, antiken St\u00e4tten, provenzalischen M\u00e4rkte und die Naturlandschaften des Rh\u00f4netals entdecken und sich in einer ruhigen und nat\u00fcrlichen Umgebung erholen. <\/p>\n<p>[\/et_pb_accordion_item][et_pb_accordion_item title=&#8220;Ist ein Campingplatz f\u00fcr einen erholsamen Natururlaub geeignet?&#8220; icon_color=&#8220;#003E52&#8243; toggle_icon=&#8220;&#x4c;||divi||400&#8243; _builder_version=&#8220;4.27.5&#8243; _module_preset=&#8220;default&#8220; custom_margin=&#8220;||0px||false|false&#8220; custom_padding=&#8220;||15px|0px|false|false&#8220; global_colors_info=&#8220;{}&#8220; toggle_level=&#8220;h3&#8243; open=&#8220;off&#8220;]<\/p>\n<p>Ja, unser <strong>Campingplatz im Rh\u00f4ne-Tal<\/strong> bietet eine friedliche Umgebung, umgeben von B\u00e4umen und weit entfernt von den Hauptverkehrsstra\u00dfen, ideal um sich zu erholen. Die weit auseinander liegenden Unterk\u00fcnfte, die schattigen Stellpl\u00e4tze und die Entspannungsbereiche erm\u00f6glichen es Ihnen, die Ruhe und die Natur zu genie\u00dfen und gleichzeitig von den Einrichtungen und Dienstleistungen zu profitieren, die f\u00fcr einen komfortablen Urlaub notwendig sind. <\/p>\n<p>[\/et_pb_accordion_item][et_pb_accordion_item title=&#8220;Was k\u00f6nnen Sie w\u00e4hrend Ihres Aufenthalts in der Umgebung unseres Campingplatzes im Rh\u00f4ne-Tal leicht besichtigen?&#8220; icon_color=&#8220;#003E52&#8243; toggle_icon=&#8220;&#x4c;||divi||400&#8243; _builder_version=&#8220;4.27.5&#8243; _module_preset=&#8220;default&#8220; custom_margin=&#8220;||0px||false|false&#8220; custom_padding=&#8220;||15px|0px|false|false&#8220; global_colors_info=&#8220;{}&#8220; toggle_level=&#8220;h3&#8243; open=&#8220;off&#8220;]<\/p>\n<p data-start=\"215\" data-end=\"590\">Vom Campingplatz aus sind viele Sehensw\u00fcrdigkeiten <strong>schnell zu erreichen<\/strong>: Orange mit seinem antiken Theater, Vaison-la-Romaine mit seinen gallo-r\u00f6mischen \u00dcberresten, Avignon mit dem Papstpalast oder die Schlucht der Ard\u00e8che f\u00fcr Aktivit\u00e4ten im Freien. Die Region bietet eine gro\u00dfe Auswahl an kulturellen Besichtigungen, Spazierg\u00e4ngen und gastronomischen Entdeckungen. <\/p>\n<p>[\/et_pb_accordion_item][et_pb_accordion_item title=&#8220;Ist Ihr Campingplatz gut gelegen, um die Vaucluse, die Dr\u00f4me und die Ard\u00e8che zu entdecken?&#8220; icon_color=&#8220;#003E52&#8243; toggle_icon=&#8220;&#x4c;||divi||400&#8243; _builder_version=&#8220;4.27.5&#8243; _module_preset=&#8220;default&#8220; custom_margin=&#8220;||0px||false|false&#8220; custom_padding=&#8220;||15px|0px|false|false&#8220; global_colors_info=&#8220;{}&#8220; toggle_level=&#8220;h3&#8243; open=&#8220;off&#8220;]<\/p>\n<p data-start=\"237\" data-end=\"571\">Der Campingplatz ist strategisch g\u00fcnstig gelegen, um drei Gebiete mit einem reichen Erbe und einer abwechslungsreichen Landschaft zu entdecken. In nur wenigen Kilometern erreichen Sie die <strong>Weinberge der Vaucluse<\/strong>, die <strong>D\u00f6rfer der Dr\u00f4me Proven\u00e7ale<\/strong> oder die <strong>Fl\u00fcsse und Canyons der Ard\u00e8che<\/strong>. <\/p>\n<p>[\/et_pb_accordion_item][\/et_pb_accordion][\/et_pb_column][\/et_pb_row][\/et_pb_section]<\/p>\n","protected":false},"excerpt":{"rendered":"<p>Campingurlaub im Rh\u00f4ne-Tal, im Herzen der VaucluseUnterk\u00fcnfte f\u00fcr jeden Urlaubsstil im Rh\u00f4ne-Tal Auf unserem Campingplatz im Rh\u00f4ne-Tal k\u00f6nnen Sie von verschiedenen Unterk\u00fcnften profitieren, die Komfort, Natur und Ruhe f\u00fcr einen Urlaub verbinden, der f\u00fcr Paare, Familien und Gruppen von Freunden geeignet ist.Komfortable Mietunterk\u00fcnfte und ungew\u00f6hnliche Unterk\u00fcnfteUnser Campingplatz im Rh\u00f4ne-Tal bietet verschiedene Modelle von Mobilheimen f\u00fcr 2 bis 6 Personen, vom preisg\u00fcnstigen [&hellip;]<\/p>\n","protected":false},"author":8,"featured_media":19774,"parent":0,"menu_order":0,"comment_status":"closed","ping_status":"closed","template":"","meta":{"_acf_changed":false,"_et_pb_use_builder":"on","_et_pb_old_content":"","_et_gb_content_width":"","inline_featured_image":false,"footnotes":""},"class_list":["post-19294","page","type-page","status-publish","has-post-thumbnail","hentry"],"acf":[],"yoast_head":"<!-- This site is optimized with the Yoast SEO plugin v27.5 - https:\/\/yoast.com\/product\/yoast-seo-wordpress\/ -->\n<title>Camping Rh\u00f4ne-Tal: Buchen Sie Ihren Urlaub in der Provence<\/title>\n<meta name=\"description\" content=\"Entdecken Sie unseren geselligen Campingplatz im Rh\u00f4ne-Tal mit Schwimmbad, komfortablen Unterk\u00fcnften und einer idealen Naturumgebung f\u00fcr die ganze Familie!\" \/>\n<meta name=\"robots\" content=\"index, follow, max-snippet:-1, max-image-preview:large, max-video-preview:-1\" \/>\n<link rel=\"canonical\" href=\"https:\/\/www.la-simioune.fr\/de\/campingurlaub-im-rhone-tal-im-herzen-der-vaucluse\/\" \/>\n<meta property=\"og:locale\" content=\"de_DE\" \/>\n<meta property=\"og:type\" content=\"article\" \/>\n<meta property=\"og:title\" content=\"Camping Rh\u00f4ne-Tal: Buchen Sie Ihren Urlaub in der Provence\" \/>\n<meta property=\"og:description\" content=\"Entdecken Sie unseren geselligen Campingplatz im Rh\u00f4ne-Tal mit Schwimmbad, komfortablen Unterk\u00fcnften und einer idealen Naturumgebung f\u00fcr die ganze Familie!\" \/>\n<meta property=\"og:url\" content=\"https:\/\/www.la-simioune.fr\/de\/campingurlaub-im-rhone-tal-im-herzen-der-vaucluse\/\" \/>\n<meta property=\"og:site_name\" content=\"Camping La Simioune\" \/>\n<meta property=\"article:publisher\" content=\"https:\/\/www.facebook.com\/campinglasimioune\/\" \/>\n<meta property=\"article:modified_time\" content=\"2026-03-12T12:08:33+00:00\" \/>\n<meta property=\"og:image\" content=\"https:\/\/www.la-simioune.fr\/wp-content\/uploads\/2026\/01\/03756d65-a82e-4e37-afc3-329ab7249466.webp\" \/>\n\t<meta property=\"og:image:width\" content=\"1620\" \/>\n\t<meta property=\"og:image:height\" content=\"1080\" \/>\n\t<meta property=\"og:image:type\" content=\"image\/webp\" \/>\n<meta name=\"twitter:card\" content=\"summary_large_image\" \/>\n<meta name=\"twitter:label1\" content=\"Gesch\u00e4tzte Lesezeit\" \/>\n\t<meta name=\"twitter:data1\" content=\"45\u00a0Minuten\" \/>\n<script type=\"application\/ld+json\" class=\"yoast-schema-graph\">{\"@context\":\"https:\\\/\\\/schema.org\",\"@graph\":[{\"@type\":\"WebPage\",\"@id\":\"https:\\\/\\\/www.la-simioune.fr\\\/de\\\/campingurlaub-im-rhone-tal-im-herzen-der-vaucluse\\\/\",\"url\":\"https:\\\/\\\/www.la-simioune.fr\\\/de\\\/campingurlaub-im-rhone-tal-im-herzen-der-vaucluse\\\/\",\"name\":\"Camping Rh\u00f4ne-Tal: Buchen Sie Ihren Urlaub in der Provence\",\"isPartOf\":{\"@id\":\"https:\\\/\\\/www.la-simioune.fr\\\/de\\\/#website\"},\"primaryImageOfPage\":{\"@id\":\"https:\\\/\\\/www.la-simioune.fr\\\/de\\\/campingurlaub-im-rhone-tal-im-herzen-der-vaucluse\\\/#primaryimage\"},\"image\":{\"@id\":\"https:\\\/\\\/www.la-simioune.fr\\\/de\\\/campingurlaub-im-rhone-tal-im-herzen-der-vaucluse\\\/#primaryimage\"},\"thumbnailUrl\":\"https:\\\/\\\/www.la-simioune.fr\\\/wp-content\\\/uploads\\\/2026\\\/01\\\/03756d65-a82e-4e37-afc3-329ab7249466.webp\",\"datePublished\":\"2026-03-10T09:40:16+00:00\",\"dateModified\":\"2026-03-12T12:08:33+00:00\",\"description\":\"Entdecken Sie unseren geselligen Campingplatz im Rh\u00f4ne-Tal mit Schwimmbad, komfortablen Unterk\u00fcnften und einer idealen Naturumgebung f\u00fcr die ganze Familie!\",\"breadcrumb\":{\"@id\":\"https:\\\/\\\/www.la-simioune.fr\\\/de\\\/campingurlaub-im-rhone-tal-im-herzen-der-vaucluse\\\/#breadcrumb\"},\"inLanguage\":\"de\",\"potentialAction\":[{\"@type\":\"ReadAction\",\"target\":[\"https:\\\/\\\/www.la-simioune.fr\\\/de\\\/campingurlaub-im-rhone-tal-im-herzen-der-vaucluse\\\/\"]}]},{\"@type\":\"ImageObject\",\"inLanguage\":\"de\",\"@id\":\"https:\\\/\\\/www.la-simioune.fr\\\/de\\\/campingurlaub-im-rhone-tal-im-herzen-der-vaucluse\\\/#primaryimage\",\"url\":\"https:\\\/\\\/www.la-simioune.fr\\\/wp-content\\\/uploads\\\/2026\\\/01\\\/03756d65-a82e-4e37-afc3-329ab7249466.webp\",\"contentUrl\":\"https:\\\/\\\/www.la-simioune.fr\\\/wp-content\\\/uploads\\\/2026\\\/01\\\/03756d65-a82e-4e37-afc3-329ab7249466.webp\",\"width\":1620,\"height\":1080,\"caption\":\"Campingplatz in der Vaucluse\"},{\"@type\":\"BreadcrumbList\",\"@id\":\"https:\\\/\\\/www.la-simioune.fr\\\/de\\\/campingurlaub-im-rhone-tal-im-herzen-der-vaucluse\\\/#breadcrumb\",\"itemListElement\":[{\"@type\":\"ListItem\",\"position\":1,\"name\":\"Camping dans le Vaucluse\",\"item\":\"https:\\\/\\\/www.la-simioune.fr\\\/de\\\/startseite\\\/\"},{\"@type\":\"ListItem\",\"position\":2,\"name\":\"Camping im Rh\u00f4ne-Tal\"}]},{\"@type\":\"WebSite\",\"@id\":\"https:\\\/\\\/www.la-simioune.fr\\\/de\\\/#website\",\"url\":\"https:\\\/\\\/www.la-simioune.fr\\\/de\\\/\",\"name\":\"Camping La Simioune\",\"description\":\"\",\"publisher\":{\"@id\":\"https:\\\/\\\/www.la-simioune.fr\\\/de\\\/#organization\"},\"potentialAction\":[{\"@type\":\"SearchAction\",\"target\":{\"@type\":\"EntryPoint\",\"urlTemplate\":\"https:\\\/\\\/www.la-simioune.fr\\\/de\\\/?s={search_term_string}\"},\"query-input\":{\"@type\":\"PropertyValueSpecification\",\"valueRequired\":true,\"valueName\":\"search_term_string\"}}],\"inLanguage\":\"de\"},{\"@type\":\"Organization\",\"@id\":\"https:\\\/\\\/www.la-simioune.fr\\\/de\\\/#organization\",\"name\":\"Camping La Simioune\",\"url\":\"https:\\\/\\\/www.la-simioune.fr\\\/de\\\/\",\"logo\":{\"@type\":\"ImageObject\",\"inLanguage\":\"de\",\"@id\":\"https:\\\/\\\/www.la-simioune.fr\\\/de\\\/#\\\/schema\\\/logo\\\/image\\\/\",\"url\":\"https:\\\/\\\/www.la-simioune.fr\\\/wp-content\\\/uploads\\\/2024\\\/04\\\/camping-la-simioune-vaucluse.png\",\"contentUrl\":\"https:\\\/\\\/www.la-simioune.fr\\\/wp-content\\\/uploads\\\/2024\\\/04\\\/camping-la-simioune-vaucluse.png\",\"width\":338,\"height\":418,\"caption\":\"Camping La Simioune\"},\"image\":{\"@id\":\"https:\\\/\\\/www.la-simioune.fr\\\/de\\\/#\\\/schema\\\/logo\\\/image\\\/\"},\"sameAs\":[\"https:\\\/\\\/www.facebook.com\\\/campinglasimioune\\\/\",\"https:\\\/\\\/www.instagram.com\\\/campinglasimioune\\\/\",\"https:\\\/\\\/www.tiktok.com\\\/@campinglasimioune\"]}]}<\/script>\n<!-- \/ Yoast SEO plugin. -->","yoast_head_json":{"title":"Camping Rh\u00f4ne-Tal: Buchen Sie Ihren Urlaub in der Provence","description":"Entdecken Sie unseren geselligen Campingplatz im Rh\u00f4ne-Tal mit Schwimmbad, komfortablen Unterk\u00fcnften und einer idealen Naturumgebung f\u00fcr die ganze Familie!","robots":{"index":"index","follow":"follow","max-snippet":"max-snippet:-1","max-image-preview":"max-image-preview:large","max-video-preview":"max-video-preview:-1"},"canonical":"https:\/\/www.la-simioune.fr\/de\/campingurlaub-im-rhone-tal-im-herzen-der-vaucluse\/","og_locale":"de_DE","og_type":"article","og_title":"Camping Rh\u00f4ne-Tal: Buchen Sie Ihren Urlaub in der Provence","og_description":"Entdecken Sie unseren geselligen Campingplatz im Rh\u00f4ne-Tal mit Schwimmbad, komfortablen Unterk\u00fcnften und einer idealen Naturumgebung f\u00fcr die ganze Familie!","og_url":"https:\/\/www.la-simioune.fr\/de\/campingurlaub-im-rhone-tal-im-herzen-der-vaucluse\/","og_site_name":"Camping La Simioune","article_publisher":"https:\/\/www.facebook.com\/campinglasimioune\/","article_modified_time":"2026-03-12T12:08:33+00:00","og_image":[{"width":1620,"height":1080,"url":"https:\/\/www.la-simioune.fr\/wp-content\/uploads\/2026\/01\/03756d65-a82e-4e37-afc3-329ab7249466.webp","type":"image\/webp"}],"twitter_card":"summary_large_image","twitter_misc":{"Gesch\u00e4tzte Lesezeit":"45\u00a0Minuten"},"schema":{"@context":"https:\/\/schema.org","@graph":[{"@type":"WebPage","@id":"https:\/\/www.la-simioune.fr\/de\/campingurlaub-im-rhone-tal-im-herzen-der-vaucluse\/","url":"https:\/\/www.la-simioune.fr\/de\/campingurlaub-im-rhone-tal-im-herzen-der-vaucluse\/","name":"Camping Rh\u00f4ne-Tal: Buchen Sie Ihren Urlaub in der Provence","isPartOf":{"@id":"https:\/\/www.la-simioune.fr\/de\/#website"},"primaryImageOfPage":{"@id":"https:\/\/www.la-simioune.fr\/de\/campingurlaub-im-rhone-tal-im-herzen-der-vaucluse\/#primaryimage"},"image":{"@id":"https:\/\/www.la-simioune.fr\/de\/campingurlaub-im-rhone-tal-im-herzen-der-vaucluse\/#primaryimage"},"thumbnailUrl":"https:\/\/www.la-simioune.fr\/wp-content\/uploads\/2026\/01\/03756d65-a82e-4e37-afc3-329ab7249466.webp","datePublished":"2026-03-10T09:40:16+00:00","dateModified":"2026-03-12T12:08:33+00:00","description":"Entdecken Sie unseren geselligen Campingplatz im Rh\u00f4ne-Tal mit Schwimmbad, komfortablen Unterk\u00fcnften und einer idealen Naturumgebung f\u00fcr die ganze Familie!","breadcrumb":{"@id":"https:\/\/www.la-simioune.fr\/de\/campingurlaub-im-rhone-tal-im-herzen-der-vaucluse\/#breadcrumb"},"inLanguage":"de","potentialAction":[{"@type":"ReadAction","target":["https:\/\/www.la-simioune.fr\/de\/campingurlaub-im-rhone-tal-im-herzen-der-vaucluse\/"]}]},{"@type":"ImageObject","inLanguage":"de","@id":"https:\/\/www.la-simioune.fr\/de\/campingurlaub-im-rhone-tal-im-herzen-der-vaucluse\/#primaryimage","url":"https:\/\/www.la-simioune.fr\/wp-content\/uploads\/2026\/01\/03756d65-a82e-4e37-afc3-329ab7249466.webp","contentUrl":"https:\/\/www.la-simioune.fr\/wp-content\/uploads\/2026\/01\/03756d65-a82e-4e37-afc3-329ab7249466.webp","width":1620,"height":1080,"caption":"Campingplatz in der Vaucluse"},{"@type":"BreadcrumbList","@id":"https:\/\/www.la-simioune.fr\/de\/campingurlaub-im-rhone-tal-im-herzen-der-vaucluse\/#breadcrumb","itemListElement":[{"@type":"ListItem","position":1,"name":"Camping dans le Vaucluse","item":"https:\/\/www.la-simioune.fr\/de\/startseite\/"},{"@type":"ListItem","position":2,"name":"Camping im Rh\u00f4ne-Tal"}]},{"@type":"WebSite","@id":"https:\/\/www.la-simioune.fr\/de\/#website","url":"https:\/\/www.la-simioune.fr\/de\/","name":"Camping La Simioune","description":"","publisher":{"@id":"https:\/\/www.la-simioune.fr\/de\/#organization"},"potentialAction":[{"@type":"SearchAction","target":{"@type":"EntryPoint","urlTemplate":"https:\/\/www.la-simioune.fr\/de\/?s={search_term_string}"},"query-input":{"@type":"PropertyValueSpecification","valueRequired":true,"valueName":"search_term_string"}}],"inLanguage":"de"},{"@type":"Organization","@id":"https:\/\/www.la-simioune.fr\/de\/#organization","name":"Camping La Simioune","url":"https:\/\/www.la-simioune.fr\/de\/","logo":{"@type":"ImageObject","inLanguage":"de","@id":"https:\/\/www.la-simioune.fr\/de\/#\/schema\/logo\/image\/","url":"https:\/\/www.la-simioune.fr\/wp-content\/uploads\/2024\/04\/camping-la-simioune-vaucluse.png","contentUrl":"https:\/\/www.la-simioune.fr\/wp-content\/uploads\/2024\/04\/camping-la-simioune-vaucluse.png","width":338,"height":418,"caption":"Camping La Simioune"},"image":{"@id":"https:\/\/www.la-simioune.fr\/de\/#\/schema\/logo\/image\/"},"sameAs":["https:\/\/www.facebook.com\/campinglasimioune\/","https:\/\/www.instagram.com\/campinglasimioune\/","https:\/\/www.tiktok.com\/@campinglasimioune"]}]}},"_links":{"self":[{"href":"https:\/\/www.la-simioune.fr\/de\/wp-json\/wp\/v2\/pages\/19294","targetHints":{"allow":["GET"]}}],"collection":[{"href":"https:\/\/www.la-simioune.fr\/de\/wp-json\/wp\/v2\/pages"}],"about":[{"href":"https:\/\/www.la-simioune.fr\/de\/wp-json\/wp\/v2\/types\/page"}],"author":[{"embeddable":true,"href":"https:\/\/www.la-simioune.fr\/de\/wp-json\/wp\/v2\/users\/8"}],"replies":[{"embeddable":true,"href":"https:\/\/www.la-simioune.fr\/de\/wp-json\/wp\/v2\/comments?post=19294"}],"version-history":[{"count":21,"href":"https:\/\/www.la-simioune.fr\/de\/wp-json\/wp\/v2\/pages\/19294\/revisions"}],"predecessor-version":[{"id":19810,"href":"https:\/\/www.la-simioune.fr\/de\/wp-json\/wp\/v2\/pages\/19294\/revisions\/19810"}],"wp:featuredmedia":[{"embeddable":true,"href":"https:\/\/www.la-simioune.fr\/de\/wp-json\/wp\/v2\/media\/19774"}],"wp:attachment":[{"href":"https:\/\/www.la-simioune.fr\/de\/wp-json\/wp\/v2\/media?parent=19294"}],"curies":[{"name":"wp","href":"https:\/\/api.w.org\/{rel}","templated":true}]}}